{"id":2191,"date":"2021-02-13T09:58:15","date_gmt":"2021-02-13T08:58:15","guid":{"rendered":"https:\/\/kiga-waldhaeusl.de\/?page_id=2191"},"modified":"2026-08-04T10:10:02","modified_gmt":"2026-08-04T08:10:02","slug":"aktuelles","status":"publish","type":"page","link":"https:\/\/kiga-waldhaeusl.de\/cz\/aktuelles\/","title":{"rendered":"Aktuelles"},"content":{"rendered":"<p>[vc_row][vc_column][vc_column_text]<\/p>\r\n<h3 style=\"text-align: center;\">Kleine Architekten<\/h3>\r\n<p><img decoding=\"async\" class=\"aligncenter wp-image-2524 size-large\" src=\"https:\/\/kiga-waldhaeusl.de\/wp-content\/uploads\/2026\/08\/Kita-Leader-1024x723.png\" alt=\"\" width=\"1024\" height=\"723\" srcset=\"https:\/\/kiga-waldhaeusl.de\/wp-content\/uploads\/2026\/08\/Kita-Leader-1024x723.png 1024w, https:\/\/kiga-waldhaeusl.de\/wp-content\/uploads\/2026\/08\/Kita-Leader-300x212.png 300w, https:\/\/kiga-waldhaeusl.de\/wp-content\/uploads\/2026\/08\/Kita-Leader-768x543.png 768w, https:\/\/kiga-waldhaeusl.de\/wp-content\/uploads\/2026\/08\/Kita-Leader.png 1492w\" sizes=\"(max-width: 1024px) 100vw, 1024px\" \/><\/p>\r\n<hr class=\"wp-block-separator has-text-color has-background has-vivid-red-background-color has-vivid-red-color is-style-wide\" \/>\r\n<h3 style=\"text-align: center;\">Wir sind ein Haus in dem Kinder forschen.<\/h3>\r\n<p><img decoding=\"async\" class=\"aligncenter wp-image-2525 size-large\" src=\"https:\/\/kiga-waldhaeusl.de\/wp-content\/uploads\/2026\/08\/zertifizierungsbanner-1024x1024.jpg\" alt=\"\" width=\"1024\" height=\"1024\" srcset=\"https:\/\/kiga-waldhaeusl.de\/wp-content\/uploads\/2026\/08\/zertifizierungsbanner-1024x1024.jpg 1024w, https:\/\/kiga-waldhaeusl.de\/wp-content\/uploads\/2026\/08\/zertifizierungsbanner-300x300.jpg 300w, https:\/\/kiga-waldhaeusl.de\/wp-content\/uploads\/2026\/08\/zertifizierungsbanner-150x150.jpg 150w, https:\/\/kiga-waldhaeusl.de\/wp-content\/uploads\/2026\/08\/zertifizierungsbanner-768x768.jpg 768w, https:\/\/kiga-waldhaeusl.de\/wp-content\/uploads\/2026\/08\/zertifizierungsbanner.jpg 1080w\" sizes=\"(max-width: 1024px) 100vw, 1024px\" \/><\/p>\r\n<hr class=\"wp-block-separator has-text-color has-background has-vivid-red-background-color has-vivid-red-color is-style-wide\" \/>\r\n<h3 style=\"text-align: center;\">10. Auszeichnung f\u00fcr 20 Jahre Forschen<\/h3>\r\n<p><img decoding=\"async\" class=\"aligncenter wp-image-2518 size-large\" src=\"https:\/\/kiga-waldhaeusl.de\/wp-content\/uploads\/2026\/06\/Auszeichnung-10Jahre-569x1024.png\" alt=\"10. Auszeichnung\" width=\"569\" height=\"1024\" srcset=\"https:\/\/kiga-waldhaeusl.de\/wp-content\/uploads\/2026\/06\/Auszeichnung-10Jahre-569x1024.png 569w, https:\/\/kiga-waldhaeusl.de\/wp-content\/uploads\/2026\/06\/Auszeichnung-10Jahre-167x300.png 167w, https:\/\/kiga-waldhaeusl.de\/wp-content\/uploads\/2026\/06\/Auszeichnung-10Jahre-768x1382.png 768w, https:\/\/kiga-waldhaeusl.de\/wp-content\/uploads\/2026\/06\/Auszeichnung-10Jahre-853x1536.png 853w, https:\/\/kiga-waldhaeusl.de\/wp-content\/uploads\/2026\/06\/Auszeichnung-10Jahre.png 935w\" sizes=\"(max-width: 569px) 100vw, 569px\" \/><\/p>\r\n<hr class=\"wp-block-separator has-text-color has-background has-vivid-red-background-color has-vivid-red-color is-style-wide\" \/>\r\n<h3 style=\"text-align: center;\">Tag der offenen T\u00fcr<\/h3>\r\n<p><img decoding=\"async\" class=\"aligncenter wp-image-2472 size-large\" src=\"https:\/\/kiga-waldhaeusl.de\/wp-content\/uploads\/2025\/11\/Flyer-Tag_der_offenen_Tuer-724x1024.jpg\" alt=\"\" width=\"724\" height=\"1024\" srcset=\"https:\/\/kiga-waldhaeusl.de\/wp-content\/uploads\/2025\/11\/Flyer-Tag_der_offenen_Tuer-724x1024.jpg 724w, https:\/\/kiga-waldhaeusl.de\/wp-content\/uploads\/2025\/11\/Flyer-Tag_der_offenen_Tuer-212x300.jpg 212w, https:\/\/kiga-waldhaeusl.de\/wp-content\/uploads\/2025\/11\/Flyer-Tag_der_offenen_Tuer-768x1086.jpg 768w, https:\/\/kiga-waldhaeusl.de\/wp-content\/uploads\/2025\/11\/Flyer-Tag_der_offenen_Tuer-1086x1536.jpg 1086w, https:\/\/kiga-waldhaeusl.de\/wp-content\/uploads\/2025\/11\/Flyer-Tag_der_offenen_Tuer.jpg 1414w\" sizes=\"(max-width: 724px) 100vw, 724px\" \/><\/p>\r\n<hr class=\"wp-block-separator has-text-color has-background has-vivid-red-background-color has-vivid-red-color is-style-wide\" \/>\r\n<h3 style=\"text-align: center;\">Eltern-Kind-Gruppe<\/h3>\r\n<p><img decoding=\"async\" class=\"aligncenter wp-image-2473 size-large\" src=\"https:\/\/kiga-waldhaeusl.de\/wp-content\/uploads\/2025\/11\/Krabbelgruppe_Plakat-Waldhaeusl-Eichgraben-717x1024.jpg\" alt=\"\" width=\"717\" height=\"1024\" srcset=\"https:\/\/kiga-waldhaeusl.de\/wp-content\/uploads\/2025\/11\/Krabbelgruppe_Plakat-Waldhaeusl-Eichgraben-717x1024.jpg 717w, https:\/\/kiga-waldhaeusl.de\/wp-content\/uploads\/2025\/11\/Krabbelgruppe_Plakat-Waldhaeusl-Eichgraben-210x300.jpg 210w, https:\/\/kiga-waldhaeusl.de\/wp-content\/uploads\/2025\/11\/Krabbelgruppe_Plakat-Waldhaeusl-Eichgraben-768x1097.jpg 768w, https:\/\/kiga-waldhaeusl.de\/wp-content\/uploads\/2025\/11\/Krabbelgruppe_Plakat-Waldhaeusl-Eichgraben-1075x1536.jpg 1075w, https:\/\/kiga-waldhaeusl.de\/wp-content\/uploads\/2025\/11\/Krabbelgruppe_Plakat-Waldhaeusl-Eichgraben.jpg 1191w\" sizes=\"(max-width: 717px) 100vw, 717px\" \/><\/p>\r\n<hr class=\"wp-block-separator has-text-color has-background has-vivid-red-background-color has-vivid-red-color is-style-wide\" \/>\r\n<h3 style=\"text-align: center;\">Einladung zum Laternenumzug<\/h3>\r\n<p><img decoding=\"async\" class=\"aligncenter wp-image-2474 size-large\" src=\"https:\/\/kiga-waldhaeusl.de\/wp-content\/uploads\/2025\/11\/LaternenUmzug2025-726x1024.jpg\" alt=\"\" width=\"726\" height=\"1024\" srcset=\"https:\/\/kiga-waldhaeusl.de\/wp-content\/uploads\/2025\/11\/LaternenUmzug2025-726x1024.jpg 726w, https:\/\/kiga-waldhaeusl.de\/wp-content\/uploads\/2025\/11\/LaternenUmzug2025-213x300.jpg 213w, https:\/\/kiga-waldhaeusl.de\/wp-content\/uploads\/2025\/11\/LaternenUmzug2025-768x1083.jpg 768w, https:\/\/kiga-waldhaeusl.de\/wp-content\/uploads\/2025\/11\/LaternenUmzug2025-1090x1536.jpg 1090w, https:\/\/kiga-waldhaeusl.de\/wp-content\/uploads\/2025\/11\/LaternenUmzug2025.jpg 1240w\" sizes=\"(max-width: 726px) 100vw, 726px\" \/><\/p>\r\n<hr class=\"wp-block-separator has-text-color has-background has-vivid-red-background-color has-vivid-red-color is-style-wide\" \/>\r\n<h3 style=\"text-align: center;\">Garten der Begegnung<\/h3>\r\n<p><img decoding=\"async\" class=\"aligncenter wp-image-2461 size-large\" src=\"https:\/\/kiga-waldhaeusl.de\/wp-content\/uploads\/2025\/11\/Info-garten-721x1024.jpg\" alt=\"\" width=\"721\" height=\"1024\" srcset=\"https:\/\/kiga-waldhaeusl.de\/wp-content\/uploads\/2025\/11\/Info-garten-721x1024.jpg 721w, https:\/\/kiga-waldhaeusl.de\/wp-content\/uploads\/2025\/11\/Info-garten-211x300.jpg 211w, https:\/\/kiga-waldhaeusl.de\/wp-content\/uploads\/2025\/11\/Info-garten-768x1090.jpg 768w, https:\/\/kiga-waldhaeusl.de\/wp-content\/uploads\/2025\/11\/Info-garten-1082x1536.jpg 1082w, https:\/\/kiga-waldhaeusl.de\/wp-content\/uploads\/2025\/11\/Info-garten.jpg 1409w\" sizes=\"(max-width: 721px) 100vw, 721px\" \/><br \/>Mit unserem &#8220;Garten der Begegnung&#8221; schaffen wir einen Begegnungsort f\u00fcr Menschen und lehren den verantwortlichen Umgang mit der Umwelt. Bei uns entsteht ein neuer Treffpunkt im Ort, an dem alle mitwirken und sich (ehrenamtlich) einbringen k\u00f6nnen: durch die Bewirtschaftung von Hochbeeten, Begleitung von Angeboten f\u00fcr Kinder &#038; Familien sowie als Ort der Begegnung f\u00fcr Plausch und Geselligkeit f\u00fcr \u00c4ltere. Gemeinsam bewirtschaften wir ein hier Waldh\u00e4usl einen Gartenbereich, welcher f\u00fcr Kita-Kinder, aber auch au\u00dferschulisch als Angebot nutzbar ist. Die ehemalige Gr\u00fcnfl\u00e4che wurde aufgewertet und erfreut nun viele Aktive.<\/p>\r\n<hr class=\"wp-block-separator has-text-color has-background has-vivid-red-background-color has-vivid-red-color is-style-wide\" \/>\r\n<h3 style=\"text-align: center;\"><strong><br \/>Herbstfest<\/strong><\/h3>\r\n<p><img decoding=\"async\" class=\"size-large wp-image-2455 aligncenter\" src=\"https:\/\/kiga-waldhaeusl.de\/wp-content\/uploads\/2025\/10\/Drachenfest_2025-724x1024.jpg\" alt=\"\" width=\"724\" height=\"1024\" srcset=\"https:\/\/kiga-waldhaeusl.de\/wp-content\/uploads\/2025\/10\/Drachenfest_2025-724x1024.jpg 724w, https:\/\/kiga-waldhaeusl.de\/wp-content\/uploads\/2025\/10\/Drachenfest_2025-212x300.jpg 212w, https:\/\/kiga-waldhaeusl.de\/wp-content\/uploads\/2025\/10\/Drachenfest_2025-768x1086.jpg 768w, https:\/\/kiga-waldhaeusl.de\/wp-content\/uploads\/2025\/10\/Drachenfest_2025-1086x1536.jpg 1086w, https:\/\/kiga-waldhaeusl.de\/wp-content\/uploads\/2025\/10\/Drachenfest_2025.jpg 1414w\" sizes=\"(max-width: 724px) 100vw, 724px\" \/><\/p>\r\n<hr class=\"wp-block-separator has-text-color has-background has-vivid-red-background-color has-vivid-red-color is-style-wide\" \/>\r\n<h3 style=\"text-align: center;\"><strong><br \/>Einladung zu Sommerfest in Eichgraben 27.Juni.2025<\/strong><\/h3>\r\n<p><img decoding=\"async\" class=\"size-large wp-image-2445 aligncenter\" src=\"https:\/\/kiga-waldhaeusl.de\/wp-content\/uploads\/2025\/06\/Liebe-Eltern-liebe-kinder-wir-lqaden-Euch-herzlich-zu-unserem-Sommerfest-am-Freitag-den-724x1024.jpg\" alt=\"\" width=\"724\" height=\"1024\" srcset=\"https:\/\/kiga-waldhaeusl.de\/wp-content\/uploads\/2025\/06\/Liebe-Eltern-liebe-kinder-wir-lqaden-Euch-herzlich-zu-unserem-Sommerfest-am-Freitag-den-724x1024.jpg 724w, https:\/\/kiga-waldhaeusl.de\/wp-content\/uploads\/2025\/06\/Liebe-Eltern-liebe-kinder-wir-lqaden-Euch-herzlich-zu-unserem-Sommerfest-am-Freitag-den-212x300.jpg 212w, https:\/\/kiga-waldhaeusl.de\/wp-content\/uploads\/2025\/06\/Liebe-Eltern-liebe-kinder-wir-lqaden-Euch-herzlich-zu-unserem-Sommerfest-am-Freitag-den-768x1086.jpg 768w, https:\/\/kiga-waldhaeusl.de\/wp-content\/uploads\/2025\/06\/Liebe-Eltern-liebe-kinder-wir-lqaden-Euch-herzlich-zu-unserem-Sommerfest-am-Freitag-den-1086x1536.jpg 1086w, https:\/\/kiga-waldhaeusl.de\/wp-content\/uploads\/2025\/06\/Liebe-Eltern-liebe-kinder-wir-lqaden-Euch-herzlich-zu-unserem-Sommerfest-am-Freitag-den.jpg 1414w\" sizes=\"(max-width: 724px) 100vw, 724px\" \/><\/p>\r\n<hr class=\"wp-block-separator has-text-color has-background has-vivid-red-background-color has-vivid-red-color is-style-wide\" \/>\r\n<h3 style=\"text-align: center;\"><strong>Einladung zur Ausstellung in Eichgraben 22.Mai.2025<\/strong><\/h3>\r\n<p><img decoding=\"async\" class=\"size-large wp-image-2439 aligncenter\" src=\"https:\/\/kiga-waldhaeusl.de\/wp-content\/uploads\/2025\/04\/Einladung-zur-Ausstellung-724x1024.jpg\" alt=\"\" width=\"724\" height=\"1024\" srcset=\"https:\/\/kiga-waldhaeusl.de\/wp-content\/uploads\/2025\/04\/Einladung-zur-Ausstellung-724x1024.jpg 724w, https:\/\/kiga-waldhaeusl.de\/wp-content\/uploads\/2025\/04\/Einladung-zur-Ausstellung-212x300.jpg 212w, https:\/\/kiga-waldhaeusl.de\/wp-content\/uploads\/2025\/04\/Einladung-zur-Ausstellung-768x1086.jpg 768w, https:\/\/kiga-waldhaeusl.de\/wp-content\/uploads\/2025\/04\/Einladung-zur-Ausstellung-1086x1536.jpg 1086w, https:\/\/kiga-waldhaeusl.de\/wp-content\/uploads\/2025\/04\/Einladung-zur-Ausstellung.jpg 1414w\" sizes=\"(max-width: 724px) 100vw, 724px\" \/><\/p>\r\n<hr class=\"wp-block-separator has-text-color has-background has-vivid-red-background-color has-vivid-red-color is-style-wide\" \/>\r\n<h3 style=\"text-align: center;\"><strong><br \/>Kinderhaus Waldh\u00e4usl Oster-Ferienangebot f\u00fcr Eichgrabener Sch\u00fclerInnen<\/strong><\/h3>\r\n<p><img decoding=\"async\" class=\"size-large wp-image-2435 aligncenter\" src=\"https:\/\/kiga-waldhaeusl.de\/wp-content\/uploads\/2025\/04\/Ostern-724x1024.jpg\" alt=\"\" width=\"724\" height=\"1024\" srcset=\"https:\/\/kiga-waldhaeusl.de\/wp-content\/uploads\/2025\/04\/Ostern-724x1024.jpg 724w, https:\/\/kiga-waldhaeusl.de\/wp-content\/uploads\/2025\/04\/Ostern-212x300.jpg 212w, https:\/\/kiga-waldhaeusl.de\/wp-content\/uploads\/2025\/04\/Ostern-768x1086.jpg 768w, https:\/\/kiga-waldhaeusl.de\/wp-content\/uploads\/2025\/04\/Ostern-1086x1536.jpg 1086w, https:\/\/kiga-waldhaeusl.de\/wp-content\/uploads\/2025\/04\/Ostern.jpg 1414w\" sizes=\"(max-width: 724px) 100vw, 724px\" \/><\/p>\r\n<hr class=\"wp-block-separator has-text-color has-background has-vivid-red-background-color has-vivid-red-color is-style-wide\" \/>\r\n<h3><strong>Kinderhaus Waldh\u00e4usl pr\u00e4sentiert grenz\u00fcberschreitende Bildungsarbeit<\/strong><\/h3>\r\n<p><img decoding=\"async\" class=\"size-full wp-image-2429 aligncenter\" src=\"https:\/\/kiga-waldhaeusl.de\/wp-content\/uploads\/2025\/02\/IMG_6704.jpg\" alt=\"\" width=\"640\" height=\"480\" srcset=\"https:\/\/kiga-waldhaeusl.de\/wp-content\/uploads\/2025\/02\/IMG_6704.jpg 640w, https:\/\/kiga-waldhaeusl.de\/wp-content\/uploads\/2025\/02\/IMG_6704-300x225.jpg 300w\" sizes=\"(max-width: 640px) 100vw, 640px\" \/><br \/>Hier erleben Kinder von klein auf die Nachbarsprachen Polnisch bzw. Tschechisch im Alltag Eichgraben. Wie trinationales Aufwachsen im Grenzraum zu Polen und Tschechien ganz selbstverst\u00e4ndlich m\u00f6glich ist \u2013 dar\u00fcber informierten sich am Mittwoch, den 05.02.2025 der Ortschaftsratvorsitzende Herr Ehrig und einige seiner Vertreter sowie Frau Bartusiak und Frau Laris von der Landesstelle Nachbarsprachen (LaNa) aus G\u00f6rlitz.<\/p>\r\n<p>Zur Begr\u00fc\u00dfung stellten die Kinder und Erzieherinnen der Einrichtung vor, wie mehrsprachige Bildungsarbeit gelingen kann. Mit Lied, anschaulichem Bildmaterial, Wiederholung und Bewegung wird das Erlernen der Nachbarsprache im Alltag umgesetzt.<\/p>\r\n<p>Schnell war klar: hier wird nicht etwas aufgesetzt, hier wird grenz\u00fcberschreitendes Aufwachsen gelebt und die fr\u00fche nachbarsprachige Bildung in die allt\u00e4gliche p\u00e4dagogische Arbeit integriert. Das Kinderhaus in Eichgraben besticht durch seine naturnahe Lage und sein ganz besonderes Konzept. Hier wachsen Kinder mehrsprachig auf. Deutsche, tschechische und polnische Kinder besuchen die Einrichtung, welche sich seit 1999 f\u00fcr grenz\u00fcberschreitende Zusammenarbeit auch in Form von Projekten engagiert. So konnte die Einrichtung bereits 2019 ein deutsch-tschechisches Gro\u00dfprojekt mit dem Partnerkindergarten in Kamenicky Senov\/ CZ umsetzen, wodurch u.a. ein deutsch-tschechisches Kochbuch entstand. Aktuell werden zwei weitere Projekte, gef\u00f6rdert durch die euroregion neisse e.V., durchgef\u00fchrt. Bei dem Projekt \u201eNachbarsprache von Anfang an\u201c begleitet eine tschechische Muttersprachlerin einen Tag in der Woche die p\u00e4dagogischen Fachkr\u00e4fte in der Kita und setzt alltagsintegrierte Modellans\u00e4tze um, durch sog. \u201eSprachb\u00e4der\u201c. Bei dem deutsch-tschechischen Kleinprojekt \u201eMit dem Nachbarn auf Entdeckungstour\u201c erfolgt ein gemeinsamer Bildungs- und Erfahrungsaustausch in der Grenzregion. Gemeinsam gilt es, die Sch\u00e4tze der Oberlausitz kennenzulernen und die des Nachbarn zu entdecken. So begeben sich die Kinder auf Entdeckungstour in ihrer sch\u00f6nen Heimat &#8211; auch jenseits der Grenze.<\/p>\r\n<p>\u201eEin Dank gilt hier den p\u00e4dagogischen Fachkr\u00e4ften der Einrichtung, die tagt\u00e4glich um ein mehrsprachiges Aufwachsen ohne Sprachbarrieren bem\u00fcht sind.\u201c, begr\u00fcndet Frau Glathe den Erfolg des Konzeptes.<\/p>\r\n<p>Dass das m\u00f6glich ist, wird auch durch eine tschechische und eine polnische Muttersprachlerin erm\u00f6glicht, die in der Kita als Erzieherin t\u00e4tig sind. So wird Sprache und Kultur des Nachbarn in der unmittelbaren Begegnung und in der Interaktion mit Muttersprachler\/innen erm\u00f6glicht. Eltern und Kinder in der Region und jenseits der Grenze nehmen das Angebot als trinationale Kita gern wahr. Das multiprofessionelle Team engagiert sich seit 1999 f\u00fcr ein nachbarschaftliches Miteinander in der Grenzregion und \u00fcberzeugt durch das mehrsprachige Konzept.<\/p>\r\n<p>&nbsp;<\/p>\r\n<p>\u201eMehrsprachigkeit gewinnt, insbesondere in unserer Grenzregion, immer mehr an Bedeutung. Wir schaffen Schnittstellen zu anderen Kitas und Einrichtungen und setzen uns f\u00fcr das interkulturelle Miteinander ein. Tschechische \u00c4rzte, Apotheker und Krankenschwestern k\u00f6nnen hier in Zittau ihrer Arbeit nachgehen, w\u00e4hrend ihre Kinder in unserer Einrichtung betreut werden. So sichern wir doch auch nachhaltig den Gesundheitssektor ab.\u201c, so Frau Hartig, die den Bezug zum gesellschaftlichen Leben herstellt.<\/p>\r\n<p>&nbsp;<\/p>\r\n<p>Die 59 M\u00e4dchen und Jungen der Einrichtung werden ein Leben lang von diesem grenz\u00fcberschreitenden Ansatz profitieren.<\/p>\r\n<hr class=\"wp-block-separator has-text-color has-background has-vivid-red-background-color has-vivid-red-color is-style-wide\" \/>\r\n<p><img decoding=\"async\" class=\" wp-image-2396 aligncenter\" src=\"https:\/\/kiga-waldhaeusl.de\/wp-content\/uploads\/2024\/12\/KIGA-724x1024.jpg\" alt=\"\" width=\"565\" height=\"799\" srcset=\"https:\/\/kiga-waldhaeusl.de\/wp-content\/uploads\/2024\/12\/KIGA-724x1024.jpg 724w, https:\/\/kiga-waldhaeusl.de\/wp-content\/uploads\/2024\/12\/KIGA-212x300.jpg 212w, https:\/\/kiga-waldhaeusl.de\/wp-content\/uploads\/2024\/12\/KIGA-768x1086.jpg 768w, https:\/\/kiga-waldhaeusl.de\/wp-content\/uploads\/2024\/12\/KIGA-1086x1536.jpg 1086w, https:\/\/kiga-waldhaeusl.de\/wp-content\/uploads\/2024\/12\/KIGA.jpg 1414w\" sizes=\"(max-width: 565px) 100vw, 565px\" \/><\/p>\r\n<hr class=\"wp-block-separator has-text-color has-background has-vivid-red-background-color has-vivid-red-color is-style-wide\" \/>\r\n<p><img decoding=\"async\" class=\"aligncenter wp-image-2390\" src=\"https:\/\/kiga-waldhaeusl.de\/wp-content\/uploads\/2024\/10\/Hallo-Herbst-724x1024.jpg\" alt=\"\" width=\"400\" height=\"566\" srcset=\"https:\/\/kiga-waldhaeusl.de\/wp-content\/uploads\/2024\/10\/Hallo-Herbst-724x1024.jpg 724w, https:\/\/kiga-waldhaeusl.de\/wp-content\/uploads\/2024\/10\/Hallo-Herbst-212x300.jpg 212w, https:\/\/kiga-waldhaeusl.de\/wp-content\/uploads\/2024\/10\/Hallo-Herbst-768x1086.jpg 768w, https:\/\/kiga-waldhaeusl.de\/wp-content\/uploads\/2024\/10\/Hallo-Herbst-1086x1536.jpg 1086w, https:\/\/kiga-waldhaeusl.de\/wp-content\/uploads\/2024\/10\/Hallo-Herbst.jpg 1414w\" sizes=\"(max-width: 400px) 100vw, 400px\" \/><\/p>\r\n<hr class=\"wp-block-separator has-text-color has-background has-vivid-red-background-color has-vivid-red-color is-style-wide\" \/>\r\n<h4>\u00a0<\/h4>\r\n<h4 style=\"text-align: center;\"><strong>Was f\u00fcr ein toller Erfolg!<\/strong><\/h4>\r\n<p>Der Waldh\u00e4usl e.V. wurde mit dem renommierten Unternehmerpreis des Ostdeutschen Sparkassenverbandes ausgezeichnet! Vor Fachpublikum im Rahmen des 25. Unternehmer-Konvents, der in Potsdam aufgrund der Corona-Pandemie mit einem besonderen Hygienekonzept stattfand, konnten Gesch\u00e4ftsf\u00fchrerin Gisela Glathe und Projektleiterin Julia Glathe die Pr\u00e4mierung vom Pr\u00e4sidenten des OSV, Dr. Michael Ermrich, entgegen nehmen.<\/p>\r\n<p>Wir freuen uns riesig \u00fcber diese Auszeichnung zum \u201eVerein des Jahres\u201c 2021 im Freistaat Sachsen! Das ist eine wunderbare Anerkennung und Wertsch\u00e4tzung der Arbeit des gesamten Waldh\u00e4usl-Teams in einer herausfordernden Zeit!<\/p>\r\n<p>Nach dem Kita-Preis nun auch den Unternehmerpreis des Ostdeutschen Sparkassenverbandes zu erhalten, bedeutet uns sehr viel! Es ist das Ergebnis aller Akteure aus unserem Verein, die sich tagt\u00e4glich f\u00fcr fr\u00fchkindliche Bildung in Zittau und Oderwitz einsetzen und mit viel Engagement &#038; Herzblut weit \u00fcber den Landkreis hinaus wirken. Ein Dank gilt somit allen ErzieherInnen und MitarbeiterInnen im Integrativen Kindergarten Waldh\u00e4usl in Zittau\/ Eichgraben sowie unserem Team in der Lernwerkstatt Erfinderkiste in Oderwitz. Ihr leistet soviel! Der Preis ist ein gemeinsamer Erfolg, den wir auch so zu verstehen wissen.<\/p>\r\n<p>Freut Euch auf weitere Ideen und Umsetzungen, die wir bereits in Planung haben und von denen viele Kinder und Familien sowie \u00e4ltere B\u00fcrgerInnen profitieren werden.<\/p>\r\n<p>Euer Waldh\u00e4usl e.V.<\/p>\r\n<hr class=\"wp-block-separator has-text-color has-background has-vivid-red-background-color has-vivid-red-color is-style-wide\" \/>\r\n<h4 style=\"text-align: center;\"><strong>Herzlichen Gl\u00fcckwunsch zur Hochzeit!<\/strong><\/h4>\r\n<p style=\"text-align: center;\">Wir w\u00fcnschen unserer p\u00e4dagogischen Leitung,<br \/>Frau Romy Krtschil (ehemals Schwertner),<br \/>alles Liebe und Gute zu ihrer Hochzeit und<br \/>gratulieren hiermit im Namen des gesamten<br \/>Waldh\u00e4usl-Vorstands und -Teams auf das Herzlichste!<\/p>\r\n<p style=\"text-align: center;\"><img decoding=\"async\" class=\"alignnone size-full wp-image-2284\" src=\"https:\/\/kiga-waldhaeusl.de\/wp-content\/uploads\/2021\/10\/Bild1.jpg\" alt=\"\" width=\"446\" height=\"521\" srcset=\"https:\/\/kiga-waldhaeusl.de\/wp-content\/uploads\/2021\/10\/Bild1.jpg 446w, https:\/\/kiga-waldhaeusl.de\/wp-content\/uploads\/2021\/10\/Bild1-257x300.jpg 257w\" sizes=\"(max-width: 446px) 100vw, 446px\" \/><\/p>\r\n<p style=\"text-align: center;\">Zittau\/ Eichgraben im September 2021<\/p>\r\n<hr class=\"wp-block-separator has-text-color has-background has-vivid-red-background-color has-vivid-red-color is-style-wide\" \/>\r\n<h4 style=\"text-align: center;\"><strong>KUNST-Projekt:<\/strong> Begleitendes Malen f\u00fcr Kinder in der Erfinderkiste<\/h4>\r\n<p>In Zusammenarbeit mit dem Leineweber e.V. aus Oderwitz begeben wir uns jeden Donnerstag vormittag in die Welt der Farben. Start: 16.09. in der Erfinderkiste Oderwitz, Zeitdauer: 1,5 Std. => Interessierte Kinder nehmen bitte Kontakt zu Jacqui auf; Das Angebot ist aufgrund einer Projektf\u00f6rderung bis 31.12.2021 entgeltfrei. Nur die Fahrtkosten mit unserem hauseigenen Bus m\u00fcssen erhoben werden.<\/p>\r\n<hr class=\"wp-block-separator has-text-color has-background has-vivid-red-background-color has-vivid-red-color is-style-wide\" \/>\r\n<h4><strong>Tschechisch mit Jaro: <\/strong><\/h4>\r\n<p>Wir freuen uns, dass uns unsere liebe Jaro wieder an einem Vormittag in der Woche unterst\u00fctzen und mit den Kindern spielerisch tschechisch lernen wird. Den Fr\u00fchst\u00fcckstisch decken, spielen und singen und dabei die tschechische Sprache entdecken &#8211; all das wird in unserem Waldh\u00e4usl wieder m\u00f6glich sein.<\/p>\r\n<hr class=\"wp-block-separator has-text-color has-background has-vivid-red-background-color has-vivid-red-color is-style-wide\" \/>\r\n<h4><strong>\u201eDie Zukunft des gesunden Essens \u2013 Ern\u00e4hrung trifft 3-D-Druck\u201c &#8211; Ein d<\/strong><strong>igitales MitMachProjekt vom Waldh\u00e4usl:<\/strong><\/h4>\r\n<p><img decoding=\"async\" class=\" wp-image-2277 alignright\" src=\"https:\/\/kiga-waldhaeusl.de\/wp-content\/uploads\/2021\/09\/deutsche-stiftung.jpg\" alt=\"\" width=\"355\" height=\"131\" srcset=\"https:\/\/kiga-waldhaeusl.de\/wp-content\/uploads\/2021\/09\/deutsche-stiftung.jpg 518w, https:\/\/kiga-waldhaeusl.de\/wp-content\/uploads\/2021\/09\/deutsche-stiftung-300x111.jpg 300w\" sizes=\"(max-width: 355px) 100vw, 355px\" \/>In unserem digitalen Projekt vereinen wir die Themen der gesunden Ern\u00e4hrung und Digitalisierung. Durchf\u00fchrungsort ist die Erfinderkiste in Oderwitz. Interessierte Kinder &#038; Eltern melden sich dazu bitte gern bei uns. Ziel ist die Vermittlung der Themen Ern\u00e4hrung, Regionalit\u00e4t und Wertsch\u00e4tzung der Lebensmittel in Kombination mit 3-D-Druck. Hier werden wir von einem Spezialisten fachm\u00e4nnisch begleitet, der uns in die Welt des 3-D-Drucks einf\u00fchrt. Gleichzeitig st\u00e4rken wir\u00a0 Vernetzung und Gemeinschaft, denn auch interessierte Eltern sind dazu herzlich eingeladen. Termine geben wir zudem per Aushang bekannt.<\/p>\r\n<hr class=\"wp-block-separator has-text-color has-background has-vivid-red-background-color has-vivid-red-color is-style-wide\" \/>\r\n<h4><strong>\u201eRaus aus dem Alltag &#8211; rein in die Natur\u201c &#8211; Ein <\/strong><strong>Natur-Forscher-Projekt vom Waldh\u00e4usl:<\/strong><\/h4>\r\n<p><img decoding=\"async\" class=\" wp-image-2277 alignright\" src=\"https:\/\/kiga-waldhaeusl.de\/wp-content\/uploads\/2021\/09\/deutsche-stiftung.jpg\" alt=\"\" width=\"379\" height=\"140\" srcset=\"https:\/\/kiga-waldhaeusl.de\/wp-content\/uploads\/2021\/09\/deutsche-stiftung.jpg 518w, https:\/\/kiga-waldhaeusl.de\/wp-content\/uploads\/2021\/09\/deutsche-stiftung-300x111.jpg 300w\" sizes=\"(max-width: 379px) 100vw, 379px\" \/>In unserem Forscherprojekt \u201eRaus aus dem Alltag &#8211; rein in die Natur\u201c besch\u00e4ftigen wir uns zum Thema Natur, Umwelt, Bewegung und aktives Miteinander im Freien. Unser Verein Waldh\u00e4usl freut sich \u00fcber die Unterst\u00fctzung der Deutschen Stiftung f\u00fcr Engagement und Ehrenamt, die das Projekt erm\u00f6glichen. Wir gehen mit Natur- und Wildnisp\u00e4dagogen auf Spurensuche im Wald, f\u00fchlen und riechen die Bl\u00e4tter des herbstes, erfahren viel zu Wildkr\u00e4utern und Farben der Natur.<\/p>\r\n<hr class=\"wp-block-separator has-text-color has-background has-vivid-red-background-color has-vivid-red-color is-style-wide\" \/>\r\n<h4><strong>&#8220;Laufen, springen, toben &#8211; Kinder brauchen Bewegung&#8221; \u2013 Ein <\/strong><strong>SPORT-Projekt vom Waldh\u00e4usl: <\/strong><\/h4>\r\n<p><img decoding=\"async\" class=\"size-full wp-image-2275 alignright\" src=\"https:\/\/kiga-waldhaeusl.de\/wp-content\/uploads\/2021\/09\/freischwimmen.jpg\" alt=\"\" width=\"422\" height=\"101\" srcset=\"https:\/\/kiga-waldhaeusl.de\/wp-content\/uploads\/2021\/09\/freischwimmen.jpg 422w, https:\/\/kiga-waldhaeusl.de\/wp-content\/uploads\/2021\/09\/freischwimmen-300x72.jpg 300w\" sizes=\"(max-width: 422px) 100vw, 422px\" \/>Unser Waldh\u00e4usl Verein freut sich \u00fcber eine Projektf\u00f6rderung von freischwimmen 21. Mit unserer Aktion &#8220;Laufen, springen, toben &#8211; Kinder brauchen Bewegung&#8221; wollen wir Kindern wieder mehr Bewegung und Spiel anbieten. Daher sind alle Kinder herzlich eingeladen an diesem Projekt teilzunehmen. Das Projekt ist entgeltfrei. Start: 15.09. im Waldh\u00e4usl-Bewegungsraum, Zeitdauer: 1 Std. => Interessierte Kinder melden sich bitte bei uns im Waldh\u00e4usl. Das Angebot ist aufgrund einer Projektf\u00f6rderung bis 31.12.2021 entgeltfrei. <em>Mit freundlicher Unterst\u00fctzung von freischwimmen21<\/em><\/p>\r\n<hr class=\"wp-block-separator has-text-color has-background has-vivid-red-background-color has-vivid-red-color is-style-wide\" \/>\r\n<h4><strong>Kleine Architekten &#8211; Unsere Kita gestalten wir uns selbst<\/strong>:<\/h4>\r\n<p><img decoding=\"async\" class=\"size-full wp-image-2274 alignright\" src=\"https:\/\/kiga-waldhaeusl.de\/wp-content\/uploads\/2021\/09\/stiftung-bildung.png\" alt=\"\" width=\"324\" height=\"114\" srcset=\"https:\/\/kiga-waldhaeusl.de\/wp-content\/uploads\/2021\/09\/stiftung-bildung.png 324w, https:\/\/kiga-waldhaeusl.de\/wp-content\/uploads\/2021\/09\/stiftung-bildung-300x106.png 300w\" sizes=\"(max-width: 324px) 100vw, 324px\" \/>Unser Waldh\u00e4usl e.V. freut sich \u00fcber eine Projektf\u00f6rderung der Stiftung Bildung im Rahmen des Projektes \u201eChancengerechtigkeit\u201c. Unter dem Titel <strong>\u201eKleine Architekten &#8211; unsere Kita gestalten wir uns selbst!\u201c <\/strong>sind alle Kinder aus unserem Waldh\u00e4usl und Erzieherinnen aufgefordert, unser Waldh\u00e4usl-Kinderhaus sch\u00f6ner zu gestalten und W\u00fcnsche einzubringen. Dies haben wir bereits in der Hasengruppe in den Sommerferien mit frischer Farbe und neuen M\u00f6beln umgesetzt. Die finale Fertigstellung steht noch aus \u2013 entstanden sind jedoch schon jetzt neue, helle Gruppenzimmer.<\/p>\r\n<p>In den n\u00e4chsten Wochen sind auch Sie, liebe Eltern, gefragt mitzuwirken. Was w\u00fcnschen Sie sich noch? Was k\u00f6nnen die Kinder in unserer Einrichtung noch gut gebrauchen? Sagen Sie es uns gern\u2026<\/p>\r\n<p>&nbsp;<\/p>\r\n<hr class=\"wp-block-separator has-text-color has-background has-vivid-red-background-color has-vivid-red-color is-style-wide\" \/>\r\n<h4 class=\"paragraph\" style=\"vertical-align: baseline;\"><span class=\"normaltextrun\"><b>Wir sind Preistr\u00e4ger des Deutschen Kita-Preises 2021!<\/b><\/span><\/h4>\r\n<p class=\"paragraph\" style=\"margin-right: 53.25pt; vertical-align: baseline;\"><span class=\"normaltextrun\"><img decoding=\"async\" class=\"size-large wp-image-2240 alignleft\" src=\"https:\/\/kiga-waldhaeusl.de\/wp-content\/uploads\/2021\/07\/210622_DKP_SoMe_Kacheln_Preistraeger2021-1-1024x1024.png\" alt=\"\" width=\"1024\" height=\"1024\" srcset=\"https:\/\/kiga-waldhaeusl.de\/wp-content\/uploads\/2021\/07\/210622_DKP_SoMe_Kacheln_Preistraeger2021-1-1024x1024.png 1024w, https:\/\/kiga-waldhaeusl.de\/wp-content\/uploads\/2021\/07\/210622_DKP_SoMe_Kacheln_Preistraeger2021-1-300x300.png 300w, https:\/\/kiga-waldhaeusl.de\/wp-content\/uploads\/2021\/07\/210622_DKP_SoMe_Kacheln_Preistraeger2021-1-150x150.png 150w, https:\/\/kiga-waldhaeusl.de\/wp-content\/uploads\/2021\/07\/210622_DKP_SoMe_Kacheln_Preistraeger2021-1-768x768.png 768w, https:\/\/kiga-waldhaeusl.de\/wp-content\/uploads\/2021\/07\/210622_DKP_SoMe_Kacheln_Preistraeger2021-1.png 1080w\" sizes=\"(max-width: 1024px) 100vw, 1024px\" \/>Seit dem 9. Juni 2021 geh\u00f6ren wir zu den Preistr\u00e4gern des Deutschen Kita-Preises in der Kategorie <b>\u201eLokales B\u00fcndnis f\u00fcr fr\u00fche Bildung des Jahres\u201c<\/b>! In der digitalen Preisverleihung mit Bundesfamilienministerin Christine Lambrecht und der Schirmherrin der Deutschen Kinder- und Jugendstiftung Elke B\u00fcdenbender als Gastgeberinnen wurde unsere Initiative mit 10.000 Euro ausgezeichnet. Bald findet die <b>regionale Preis\u00fcbergabe<\/b> bei uns vor Ort statt! Was unser B\u00fcndnis so besonders macht und letztlich auch die Jury \u00fcberzeugt hat, uns mit dem Deutschen Kita-Preis auszuzeichnen, erfahren Sie in unserem <\/span><b><span style=\"font-family: 'Cambria','serif';\">Kurzfilm<\/span><\/b><span style=\"font-family: 'Cambria','serif';\">, den Sie sich <\/span><a href=\"https:\/\/www.youtube.com\/watch?v=EnvjuA3hAoc\"><span style=\"font-family: 'Cambria','serif';\">hier<\/span><\/a><span style=\"font-family: 'Cambria','serif';\"> anschauen k\u00f6nnen<span class=\"normaltextrun\">.<\/span><\/span><\/p>\r\n<p class=\"paragraph\" style=\"margin-right: 53.25pt; vertical-align: baseline;\"><span class=\"normaltextrun\">Der Deutsche Kita-Preis w\u00fcrdigt beispielhaftes Engagement von Kitas und lokalen B\u00fcndnissen f\u00fcr fr\u00fche Bildung. Auch in diesem Jahr wurden Einrichtungen ausgezeichnet, die kontinuierlich an der Qualit\u00e4t in der fr\u00fchen Bildung in ihrer direkten Umgebung arbeiten und dabei die Sichtweise der Kinder in den Mittelpunkt ihrer Bem\u00fchungen stellen. Zudem spielten Mitwirkungsm\u00f6glichkeiten von Kindern und Eltern sowie die Zusammenarbeit mit Partnern vor Ort bei der Auswahl der Preistr\u00e4ger eine wichtige Rolle. <\/span><\/p>\r\n<p class=\"AbsatztitelQvO\" style=\"line-height: normal; margin: 12.0pt 0cm 12.0pt 0cm;\"><span class=\"normaltextrun\">P.S. <\/span><span class=\"normaltextrun\"><span style=\"color: windowtext; font-weight: normal;\">Gerne m\u00f6chten wir auch andere B\u00fcndnisse ermutigen, sich um den Deutschen Kita-Preis zu bewerben! Wenn also auch Sie als B\u00fcndnis-Team Ihre tolle Arbeit einmal der breiten \u00d6ffentlichkeit zeigen und Ihre Chance auf 10.000 oder 25.000 Euro, den Titel \u201eLokales B\u00fcndnis f\u00fcr fr\u00fche Bildung des Jahres\u201c und viel wertvolles Feedback sichern m\u00f6chten \u2013 tun Sie es uns doch gleich und bewerben sich um den Deutschen Kita-Preis 2022! Bis zum 31.7. haben Sie noch Zeit, Ihre Bewerbung unter <\/span><\/span><a href=\"http:\/\/www.deutscher-kita-preis.de\/bewerbung\" target=\"_blank\" rel=\"noopener\"><span style=\"font-weight: normal;\">www.deutscher-kita-preis.de\/bewerbung<\/span><\/a><span class=\"normaltextrun\"><span style=\"color: windowtext; font-weight: normal;\"> einzureichen! <\/span><\/span><\/p>\r\n<p class=\"AbsatztitelQvO\"><span class=\"normaltextrun\"><span style=\"color: windowtext; font-weight: normal;\">Weitere Informationen unter <\/span><\/span><a href=\"http:\/\/www.deutscher-kita-preis.de\" target=\"_blank\" rel=\"noopener\"><span style=\"font-weight: normal;\">www.deutscher-kita-preis.de<\/span><\/a><span class=\"normaltextrun\"><span style=\"color: windowtext; font-weight: normal;\">.<\/span><\/span><\/p>\r\n<hr class=\"wp-block-separator has-text-color has-background has-vivid-red-background-color has-vivid-red-color is-style-wide\" \/>\r\n<h4><img decoding=\"async\" class=\"aligncenter wp-image-2233 size-full\" src=\"https:\/\/kiga-waldhaeusl.de\/wp-content\/uploads\/2021\/06\/kitapreis-1-scaled.jpg\" alt=\"\" width=\"2560\" height=\"1810\" srcset=\"https:\/\/kiga-waldhaeusl.de\/wp-content\/uploads\/2021\/06\/kitapreis-1-scaled.jpg 2560w, https:\/\/kiga-waldhaeusl.de\/wp-content\/uploads\/2021\/06\/kitapreis-1-300x212.jpg 300w, https:\/\/kiga-waldhaeusl.de\/wp-content\/uploads\/2021\/06\/kitapreis-1-1024x724.jpg 1024w, https:\/\/kiga-waldhaeusl.de\/wp-content\/uploads\/2021\/06\/kitapreis-1-768x543.jpg 768w, https:\/\/kiga-waldhaeusl.de\/wp-content\/uploads\/2021\/06\/kitapreis-1-1536x1086.jpg 1536w, https:\/\/kiga-waldhaeusl.de\/wp-content\/uploads\/2021\/06\/kitapreis-1-2048x1448.jpg 2048w\" sizes=\"(max-width: 2560px) 100vw, 2560px\" \/><\/h4>\r\n<hr class=\"wp-block-separator has-text-color has-background has-vivid-red-background-color has-vivid-red-color is-style-wide\" \/>\r\n<h4>Liebe Eltern,<\/h4>\r\n<p>der Inzidenzwert im Landkreis sinkt weiter unter 150. Dies erm\u00f6glicht unter bestimmten Voraussetzungen die \u00d6ffnung \u00a0unserer Einrichtung voraussichtlich ab Donnerstag, den 20.Mai 2021. Heute, am 17.05. lag der Inzidenzwert den 4.Tag in Folge unter 150. Ist dies auch morgen der Fall, so k\u00f6nnen wir ab Donnerstag wieder im eingeschr\u00e4nkten Regelbetrieb \u00f6ffnen.<\/p>\r\n<p>Bitte informieren Sie sich auch unter: <a href=\"http:\/\/coronavirus.landkreis.gr\" target=\"_blank\" rel=\"noopener\">http:\/\/coronavirus.landkreis.gr<\/a><\/p>\r\n<p>Wir freuen uns auf unsere Kinder und sehen einer \u00d6ffnung gespannt entgegen!<\/p>\r\n<p>Herzliche Gr\u00fc\u00dfe<\/p>\r\n<p>Team Waldh\u00e4usl<\/p>\r\n<hr class=\"wp-block-separator has-text-color has-background has-vivid-red-background-color has-vivid-red-color is-style-wide\" \/>\r\n<h4><strong>Waldh\u00e4usl -Kinder haben in der Erfinderkiste geforscht und Interviews gegeben<\/strong><\/h4>\r\n<p><strong>*** Erfinderkiste ist Finalisten-B\u00fcndnis des Deutschen Kita-Preises 2021 ***<\/strong><\/p>\r\n<p><img decoding=\"async\" class=\"size-full wp-image-2225 alignright\" src=\"https:\/\/kiga-waldhaeusl.de\/wp-content\/uploads\/2021\/05\/Kitapreis-Film.jpg\" alt=\"\" width=\"506\" height=\"381\" srcset=\"https:\/\/kiga-waldhaeusl.de\/wp-content\/uploads\/2021\/05\/Kitapreis-Film.jpg 506w, https:\/\/kiga-waldhaeusl.de\/wp-content\/uploads\/2021\/05\/Kitapreis-Film-300x226.jpg 300w\" sizes=\"(max-width: 506px) 100vw, 506px\" \/>Geschafft! Kita-Preis-Final-aufgaben erfolgreich bearbeitet!<\/p>\r\n<p>Die Anspannung l\u00f6st sich&#8230; Wir haben Online-Interviews gegeben, Online-Workshops ausgestaltet, spannende Aufgaben gel\u00f6st und Anfang Mai ein Filmteam aus Berlin begr\u00fc\u00dft, welches uns bei unserer Arbeit begleitet hat&#8230; Nun hoffen wir, dass wir \u00fcberzeugen konnten und w\u00fcnschen uns f\u00fcr unsere Arbeit und f\u00fcr unsere Kinder einen positiven Ausgang!<\/p>\r\n<p><strong>Ein gro\u00dfes Dankesch\u00f6n gilt auch unseren Kindern aus dem Waldh\u00e4usl<\/strong>, die an diesem Tag (18.05.2021) dem Filmteam Rede und Antwort standen und sich bei ihrer Arbeit \u00fcber die Schulter schauen lassen haben: beim Experimentieren und Werkeln und ihrem allt\u00e4glichen Tun in der Lernwerkstatt. Ihr ward gro\u00dfe Klasse!<\/p>\r\n<p><strong>Nun hei\u00dft es Daumen dr\u00fccken!<\/strong> Die Entscheidung folgt im Juni.\u00a0Bei dieser feierlichen Preisverleihung des Deutschen Kita Preises 2021 am 09.Juni ab 18:00 Uhr k\u00f6nnen Sie per Livestream dabei sein: <a href=\"http:\/\/www.deutscher-kita-preis.de\"><strong>www.deutscher-kita-preis.de<\/strong><\/a><\/p>\r\n<p>In dieser Live-Show wird Barbara Sch\u00f6neberger durch das spannende Programm voller \u00dcberraschungen und prominenter G\u00e4ste f\u00fchren. Seien Sie also dabei, wenn am 9. Juni 2021 die Preistr\u00e4ger in den beiden Kategorien \u201eKita des Jahres\u201c und \u201eLokales B\u00fcndnis f\u00fcr fr\u00fche Bildung des Jahres\u201c digital verk\u00fcndet werden und dr\u00fccken Sie uns bitte ganz fest die Daumen f\u00fcr die Lernwerkstatt Erfinderkiste in Oderwitz.<\/p>\r\n<p><strong>Ihr Waldh\u00e4usl Team und die Erfinderkiste Oderwitz<\/strong><\/p>\r\n<hr class=\"wp-block-separator has-text-color has-background has-vivid-red-background-color has-vivid-red-color is-style-wide\" \/>\r\n<h4>Liebe Eltern,<\/h4>\r\n<p>ab einer 7-Tage-Inzidenz von \u00fcber 165 auf 100.000 Einwohner an drei aufeinanderfolgenden Tagen m\u00fcssen Kindertageseinrichtungen ab dem \u00fcbern\u00e4chsten Tag geschlossen werden und d\u00fcrfen nur noch Notbetreuung anbieten.<br \/>Da dies in unserem Landkreis der Fall ist, wird die Einrichtung ab Montag, den 26.04.2021 wieder in die Notbetreuung wechseln.<\/p>\r\n<p>F\u00fcr Kinder bestimmter Personen- und Berufsgruppen wird Notbetreuung eingerichtet. Informationen zu den entsprechenden Fallgruppen mit Anspruch auf Notbetreuung sind unter folgendem Link zu finden. Die bisherigen Formulare der Arbeitgeberbescheinigung behalten ihre G\u00fcltigkeit. <a href=\"https:\/\/www.coronavirus.sachsen.de\/eltern-lehrkraefte-erzieher-schueler-4144.html?_cp=%7B%22accordion-content-9903%22%3A%7B%220%22%3Atrue%7D%2C%22previousOpen%22%3A%7B%22group%22%3A%22accordion-content-9903%22%2C%22idx%22%3A0%7D%7D\" target=\"_blank\" rel=\"noopener\">https:\/\/www.coronavirus.sachsen.de\/eltern-lehrkraefte-erzieher-schueler[1]4144.html?_cp=%7B%22accordion-content[1]9903%22%3A%7B%220%22%3Atrue%7D%2C%22previousOpen%22%3A%7B%22 group%22%3A%22accordion-content-9903%22%2C%22idx%22%3A0%7D%7D<\/a><\/p>\r\n<p>Wird der Inzidenzwert von 165 an f\u00fcnf aufeinanderfolgenden Tagen unterschritten, treten die Regelungen ab dem \u00fcbern\u00e4chsten Tag au\u00dfer Kraft.<\/p>\r\n<p>Weitere Infos unter: <a href=\"https:\/\/www.coronavirus.sachsen.de\/\" target=\"_blank\" rel=\"noopener\">https:\/\/www.coronavirus.sachsen.de\/<\/a><\/p>\r\n<p>Bitte bleiben Sie gesund!<\/p>\r\n<p>Ihr Vorstand und Team Waldh\u00e4usl<\/p>\r\n<hr class=\"wp-block-separator has-text-color has-background has-vivid-red-background-color has-vivid-red-color is-style-wide\" \/>\r\n<p>&nbsp;<\/p>\r\n\r\n<h2 class=\"wp-block-heading\" style=\"text-align: center;\"><strong>Liebe Eltern &#038; Erziehungsberechtigten,<br \/><\/strong><\/h2>\r\n<p style=\"text-align: center;\">die neue S\u00e4chsCoronaSchVO endet am 1. April 2021.<br \/><span style=\"color: #ff0000;\"><strong>Ab 06. April 2021 ist wieder eine Kinderbetreuung im eingeschr\u00e4nkten Regelbetrieb anzubieten.<\/strong><\/span><\/p>\r\n<p style=\"text-align: center;\">Die S\u00e4chsische-Corona-Schutz-Verordnung vom 29. M\u00e4rz 2021 ist f\u00fcr Sie unter dem nachfolgenden <u>Link<\/u> abrufbar. Wir bitten im Besonderen um Beachtung des \u00a7 5a Betriebseinschr\u00e4nkungen f\u00fcr Einrichtungen der Kindertagesbetreuung und Schulen.<\/p>\r\n<p style=\"text-align: center;\"><a href=\"https:\/\/www.coronavirus.sachsen.de\/download\/SMS-Saechsische-Corona-Schutz-Verordnung-2021-03-30-gueltig-ab-2021-04-01.pdf\" target=\"_blank\" rel=\"noopener\">https:\/\/www.coronavirus.sachsen.de\/download\/SMS-Saechsische-Corona-Schutz-Verordnung-2021-03-30-gueltig-ab-2021-04-01.pdf<\/a><\/p>\r\n<p style=\"text-align: center;\">Bitte haben Sie Verst\u00e4ndnis daf\u00fcr, dass ab sofort nur noch getestete Personen die Einrichtung betreten d\u00fcrfen.<br \/>Bringe- und Abholsituationen gestalten wir weiterhin \u00fcber unsere bew\u00e4hrte \u201eSchleuse\u201c.<br \/>Im Au\u00dfengel\u00e4nde unserer Einrichtung m\u00fcssen Sie keinen Test vorweisen.<\/p>\r\n<p style=\"text-align: center;\">Denken Sie aber bitte weiterhin an die Mund-Nasen-Bedeckung. Vielen Dank!<\/p>\r\n<p style=\"text-align: center;\">Wir w\u00fcnschen Ihnen ein sch\u00f6nes Osterfest!<\/p>\r\n<p style=\"text-align: center;\">Viele Gr\u00fc\u00dfe vom Waldh\u00e4usl-Team &#038; Vorstand<\/p>\r\n<p>&nbsp;<\/p>\r\n<p>&nbsp;<\/p>\r\n<hr class=\"wp-block-separator has-text-color has-background has-vivid-red-background-color has-vivid-red-color is-style-wide\" \/>\r\n<p>&nbsp;<\/p>\r\n<h2>Liebe Eltern,<\/h2>\r\n\r\n<p>am Montag, den 15.02.2021 gehen wir wieder in den eingeschr\u00e4nkten Regelbetrieb \u00fcber.<br \/>Rechtliche Grundlage ist die neue Corona-Schutz-Verordnung vom 12.02.2021.<br \/>Wir bitten folgendes zu beachten:<\/p>\r\n\r\n<p><strong>Eingeschr\u00e4nkter Regelbetrieb<\/strong> Der Alltag in den Kindertageseinrichtungen folgt im eingeschr\u00e4nkten Regelbetrieb dem Grundsatz der strikten Trennung von verschiedenen festen Betreuungseinheiten und ihrer Betreuungspersonen sowie der konsequenten Vermeidung des Zusammentreffens der Kinder und des Personals unterschiedlicher Betreuungseinheiten in den Geb\u00e4uden und auf den Freifl\u00e4chen der Kindertageseinrichtungen.<\/p>\r\n\r\n<p><strong>Medizinischer Mund-Nasen-Schutz (MNS)<\/strong> Bei Aufenthalt in der Kindertageseinrichtung bzw. Kindertagespflegestelle und auf dem Au\u00dfengel\u00e4nde ist grunds\u00e4tzlich von allen einrichtungsfremden Personen, einschlie\u00dflich der Eltern, ein medizinischer Mund-Nasen-Schutz zu tragen (sog. \u201eOP-Masken\u201c).<\/p>\r\n\r\n<p><strong>Gesundheitszustand<\/strong> Eine t\u00e4gliche Gesundheitsbest\u00e4tigung wird nun nicht mehr verlangt. Es ist davon auszugehen, dass sowohl bei den Eltern als auch bei den betreuenden Personen eine ausreichende Sensibilit\u00e4t f\u00fcr die besondere Situation in der Corona-Pandemie aufgebaut ist.<\/p>\r\n\r\n<p>Zus\u00e4tzlich dazu k\u00f6nnen Sie sich gern auch hier jederzeit und aktuell informieren:\u00a0 <a href=\"https:\/\/www.coronavirus.sachsen.de\/eltern-lehrkraefte-erzieher-schueler-4144.html\">https:\/\/www.coronavirus.sachsen.de\/eltern-lehrkraefte-erzieher-schueler-4144.html<\/a><br \/><a href=\"https:\/\/www.kita-bildungsserver.de\/\">https:\/\/www.kita-bildungsserver.de\/<\/a><br \/><a href=\"https:\/\/www.medienservice.sachsen.de\/medien\/news\/247126\">https:\/\/www.medienservice.sachsen.de\/medien\/news\/247126<\/a><\/p>\r\n\r\n<p>Wir freuen uns auf Sie und Ihre Kinder und w\u00fcnschen uns allen einen guten Start.<\/p>\r\n\r\n<p>Mit freundlichen Gr\u00fc\u00dfen und besten W\u00fcnschen f\u00fcr ein angenehmes Wochenende!<\/p>\r\n\r\n<p>Kita Waldh\u00e4usl &#038; Team<\/p>\r\n<p class=\"wp-block-paragraph\">\u00a0<\/p>\r\n<hr class=\"wp-block-separator has-text-color has-background has-vivid-red-background-color has-vivid-red-color is-style-wide\" \/>\r\n<p>\u00a0<\/p>\r\n\r\n<h2 class=\"wp-block-heading\"><strong>Unsere Erfinderkiste ist Finalist des Deutschen Kita-Preises 2021<\/strong><\/h2>\r\n<p>\u00a0<\/p>\r\n\r\n<div class=\"wp-block-image\">\r\n<figure class=\"aligncenter size-large\"><img decoding=\"async\" width=\"585\" height=\"585\" class=\"wp-image-2132\" src=\"https:\/\/kiga-waldhaeusl.de\/wp-content\/uploads\/2021\/01\/KitaPreis.png\" alt=\"\" srcset=\"https:\/\/kiga-waldhaeusl.de\/wp-content\/uploads\/2021\/01\/KitaPreis.png 585w, https:\/\/kiga-waldhaeusl.de\/wp-content\/uploads\/2021\/01\/KitaPreis-300x300.png 300w, https:\/\/kiga-waldhaeusl.de\/wp-content\/uploads\/2021\/01\/KitaPreis-150x150.png 150w\" sizes=\"(max-width: 585px) 100vw, 585px\" \/><\/figure>\r\n<\/div>\r\n\r\n<p>Unser lokales B\u00fcndnis f\u00fcr fr\u00fche Bildung \u201cErfinderkiste\u201d in Oderwitz geh\u00f6rt zu den Finalisten des Deutschen Kita-Preises. Damit nehmen wir im Fr\u00fchjahr 2021 an der Preisverleihung teil! Die erstplatzierte Initiative erh\u00e4lt ein Preisgeld von 25.000 Euro. Die vier Zweitplatzierten d\u00fcrfen sich \u00fcber je 10.000 Euro freuen.<\/p>\r\n\r\n<p>Um zu den Preistr\u00e4gern zu geh\u00f6ren, m\u00fcssen wir nur noch in der letzten Auswahlrunde \u00fcberzeugen: Ein Team aus Expertinnen und Experten wird unser B\u00fcndnis zwischen Januar und M\u00e4rz 2021digital besuchen. In Interviews, gemeinsamen Workshops und virtuellen Erkundungen werden wir unser B\u00fcndnis noch mal von seiner besten Seite pr\u00e4sentieren. Ob wir zu den Preistr\u00e4gern geh\u00f6ren, erfahren wir bei der Preisverleihung im Fr\u00fchjahr 2021.Dr\u00fcckt uns die Daumen!<\/p>\r\n\r\n<p>Der Deutsche Kita-Preis wurde 2018 erstmals vergeben. Die Auszeichnung ist eine gemeinsame Initiative des Bundesministeriums f\u00fcr Familie, Senioren, Frauen und Jugend und der Deutschen Kinder- und Jugendstiftung in Partnerschaft mit der Heinz und Heide D\u00fcrr Stiftung, dem ELTERN-Magazin und dem Didacta-Verband.<\/p>\r\n\r\n<p>Alle Informationen zum Deutschen Kita-Preis, zu den Bewerbungsmodalit\u00e4ten und zur Auswahl der Preistr\u00e4ger finden Interessierte unter\u00a0<a href=\"http:\/\/www.deutscher-kita-preis.de\/\" target=\"_blank\" rel=\"noreferrer noopener\">www.deutscher-kita-preis.de<\/a>. Wer auf dem Laufenden bleiben m\u00f6chte, abonniert den Newsletter unter\u00a0<a href=\"http:\/\/www.deutscher-kita-preis.de\/newsletter\" target=\"_blank\" rel=\"noreferrer noopener\">www.deutscher-kita-preis.de\/newsletter<\/a>.<\/p>\r\n\r\n<p>&nbsp;<\/p>\r\n<p>[\/vc_column_text][vc_column_text]<\/p>\r\n<h3 style=\"text-align: center;\"><strong>Einladung zu Sommerfest in Eichgraben 27.Juni.2025<\/strong><\/h3>\r\n<p><img decoding=\"async\" class=\"size-large wp-image-2445 aligncenter\" src=\"https:\/\/kiga-waldhaeusl.de\/wp-content\/uploads\/2025\/06\/Liebe-Eltern-liebe-kinder-wir-lqaden-Euch-herzlich-zu-unserem-Sommerfest-am-Freitag-den-724x1024.jpg\" alt=\"\" width=\"724\" height=\"1024\" srcset=\"https:\/\/kiga-waldhaeusl.de\/wp-content\/uploads\/2025\/06\/Liebe-Eltern-liebe-kinder-wir-lqaden-Euch-herzlich-zu-unserem-Sommerfest-am-Freitag-den-724x1024.jpg 724w, https:\/\/kiga-waldhaeusl.de\/wp-content\/uploads\/2025\/06\/Liebe-Eltern-liebe-kinder-wir-lqaden-Euch-herzlich-zu-unserem-Sommerfest-am-Freitag-den-212x300.jpg 212w, https:\/\/kiga-waldhaeusl.de\/wp-content\/uploads\/2025\/06\/Liebe-Eltern-liebe-kinder-wir-lqaden-Euch-herzlich-zu-unserem-Sommerfest-am-Freitag-den-768x1086.jpg 768w, https:\/\/kiga-waldhaeusl.de\/wp-content\/uploads\/2025\/06\/Liebe-Eltern-liebe-kinder-wir-lqaden-Euch-herzlich-zu-unserem-Sommerfest-am-Freitag-den-1086x1536.jpg 1086w, https:\/\/kiga-waldhaeusl.de\/wp-content\/uploads\/2025\/06\/Liebe-Eltern-liebe-kinder-wir-lqaden-Euch-herzlich-zu-unserem-Sommerfest-am-Freitag-den.jpg 1414w\" sizes=\"(max-width: 724px) 100vw, 724px\" \/><\/p>\r\n<hr class=\"wp-block-separator has-text-color has-background has-vivid-red-background-color has-vivid-red-color is-style-wide\" \/>\r\n<h3 style=\"text-align: center;\"><strong>Einladung zur Ausstellung in Eichgraben 22.Mai.2025<\/strong><\/h3>\r\n<p><img decoding=\"async\" class=\"size-large wp-image-2439 aligncenter\" src=\"https:\/\/kiga-waldhaeusl.de\/wp-content\/uploads\/2025\/04\/Einladung-zur-Ausstellung-724x1024.jpg\" alt=\"\" width=\"724\" height=\"1024\" srcset=\"https:\/\/kiga-waldhaeusl.de\/wp-content\/uploads\/2025\/04\/Einladung-zur-Ausstellung-724x1024.jpg 724w, https:\/\/kiga-waldhaeusl.de\/wp-content\/uploads\/2025\/04\/Einladung-zur-Ausstellung-212x300.jpg 212w, https:\/\/kiga-waldhaeusl.de\/wp-content\/uploads\/2025\/04\/Einladung-zur-Ausstellung-768x1086.jpg 768w, https:\/\/kiga-waldhaeusl.de\/wp-content\/uploads\/2025\/04\/Einladung-zur-Ausstellung-1086x1536.jpg 1086w, https:\/\/kiga-waldhaeusl.de\/wp-content\/uploads\/2025\/04\/Einladung-zur-Ausstellung.jpg 1414w\" sizes=\"(max-width: 724px) 100vw, 724px\" \/><\/p>\r\n<hr class=\"wp-block-separator has-text-color has-background has-vivid-red-background-color has-vivid-red-color is-style-wide\" \/>\r\n<h3 style=\"text-align: center;\"><strong><br \/>Kinderhaus Waldh\u00e4usl Oster-Ferienangebot f\u00fcr Eichgrabener Sch\u00fclerInnen<\/strong><\/h3>\r\n<p><img decoding=\"async\" class=\"size-large wp-image-2435 aligncenter\" src=\"https:\/\/kiga-waldhaeusl.de\/wp-content\/uploads\/2025\/04\/Ostern-724x1024.jpg\" alt=\"\" width=\"724\" height=\"1024\" srcset=\"https:\/\/kiga-waldhaeusl.de\/wp-content\/uploads\/2025\/04\/Ostern-724x1024.jpg 724w, https:\/\/kiga-waldhaeusl.de\/wp-content\/uploads\/2025\/04\/Ostern-212x300.jpg 212w, https:\/\/kiga-waldhaeusl.de\/wp-content\/uploads\/2025\/04\/Ostern-768x1086.jpg 768w, https:\/\/kiga-waldhaeusl.de\/wp-content\/uploads\/2025\/04\/Ostern-1086x1536.jpg 1086w, https:\/\/kiga-waldhaeusl.de\/wp-content\/uploads\/2025\/04\/Ostern.jpg 1414w\" sizes=\"(max-width: 724px) 100vw, 724px\" \/><\/p>\r\n<hr class=\"wp-block-separator has-text-color has-background has-vivid-red-background-color has-vivid-red-color is-style-wide\" \/>\r\n<h3><strong>Kinderhaus Waldh\u00e4usl pr\u00e4sentiert grenz\u00fcberschreitende Bildungsarbeit<\/strong><\/h3>\r\n<p><img decoding=\"async\" class=\"size-full wp-image-2429 aligncenter\" src=\"https:\/\/kiga-waldhaeusl.de\/wp-content\/uploads\/2025\/02\/IMG_6704.jpg\" alt=\"\" width=\"640\" height=\"480\" srcset=\"https:\/\/kiga-waldhaeusl.de\/wp-content\/uploads\/2025\/02\/IMG_6704.jpg 640w, https:\/\/kiga-waldhaeusl.de\/wp-content\/uploads\/2025\/02\/IMG_6704-300x225.jpg 300w\" sizes=\"(max-width: 640px) 100vw, 640px\" \/><br \/>Hier erleben Kinder von klein auf die Nachbarsprachen Polnisch bzw. Tschechisch im Alltag Eichgraben. Wie trinationales Aufwachsen im Grenzraum zu Polen und Tschechien ganz selbstverst\u00e4ndlich m\u00f6glich ist \u2013 dar\u00fcber informierten sich am Mittwoch, den 05.02.2025 der Ortschaftsratvorsitzende Herr Ehrig und einige seiner Vertreter sowie Frau Bartusiak und Frau Laris von der Landesstelle Nachbarsprachen (LaNa) aus G\u00f6rlitz.<\/p>\r\n<p>Zur Begr\u00fc\u00dfung stellten die Kinder und Erzieherinnen der Einrichtung vor, wie mehrsprachige Bildungsarbeit gelingen kann. Mit Lied, anschaulichem Bildmaterial, Wiederholung und Bewegung wird das Erlernen der Nachbarsprache im Alltag umgesetzt.<\/p>\r\n<p>Schnell war klar: hier wird nicht etwas aufgesetzt, hier wird grenz\u00fcberschreitendes Aufwachsen gelebt und die fr\u00fche nachbarsprachige Bildung in die allt\u00e4gliche p\u00e4dagogische Arbeit integriert. Das Kinderhaus in Eichgraben besticht durch seine naturnahe Lage und sein ganz besonderes Konzept. Hier wachsen Kinder mehrsprachig auf. Deutsche, tschechische und polnische Kinder besuchen die Einrichtung, welche sich seit 1999 f\u00fcr grenz\u00fcberschreitende Zusammenarbeit auch in Form von Projekten engagiert. So konnte die Einrichtung bereits 2019 ein deutsch-tschechisches Gro\u00dfprojekt mit dem Partnerkindergarten in Kamenicky Senov\/ CZ umsetzen, wodurch u.a. ein deutsch-tschechisches Kochbuch entstand. Aktuell werden zwei weitere Projekte, gef\u00f6rdert durch die euroregion neisse e.V., durchgef\u00fchrt. Bei dem Projekt \u201eNachbarsprache von Anfang an\u201c begleitet eine tschechische Muttersprachlerin einen Tag in der Woche die p\u00e4dagogischen Fachkr\u00e4fte in der Kita und setzt alltagsintegrierte Modellans\u00e4tze um, durch sog. \u201eSprachb\u00e4der\u201c. Bei dem deutsch-tschechischen Kleinprojekt \u201eMit dem Nachbarn auf Entdeckungstour\u201c erfolgt ein gemeinsamer Bildungs- und Erfahrungsaustausch in der Grenzregion. Gemeinsam gilt es, die Sch\u00e4tze der Oberlausitz kennenzulernen und die des Nachbarn zu entdecken. So begeben sich die Kinder auf Entdeckungstour in ihrer sch\u00f6nen Heimat &#8211; auch jenseits der Grenze.<\/p>\r\n<p>\u201eEin Dank gilt hier den p\u00e4dagogischen Fachkr\u00e4ften der Einrichtung, die tagt\u00e4glich um ein mehrsprachiges Aufwachsen ohne Sprachbarrieren bem\u00fcht sind.\u201c, begr\u00fcndet Frau Glathe den Erfolg des Konzeptes.<\/p>\r\n<p>Dass das m\u00f6glich ist, wird auch durch eine tschechische und eine polnische Muttersprachlerin erm\u00f6glicht, die in der Kita als Erzieherin t\u00e4tig sind. So wird Sprache und Kultur des Nachbarn in der unmittelbaren Begegnung und in der Interaktion mit Muttersprachler\/innen erm\u00f6glicht. Eltern und Kinder in der Region und jenseits der Grenze nehmen das Angebot als trinationale Kita gern wahr. Das multiprofessionelle Team engagiert sich seit 1999 f\u00fcr ein nachbarschaftliches Miteinander in der Grenzregion und \u00fcberzeugt durch das mehrsprachige Konzept.<\/p>\r\n<p>&nbsp;<\/p>\r\n<p>\u201eMehrsprachigkeit gewinnt, insbesondere in unserer Grenzregion, immer mehr an Bedeutung. Wir schaffen Schnittstellen zu anderen Kitas und Einrichtungen und setzen uns f\u00fcr das interkulturelle Miteinander ein. Tschechische \u00c4rzte, Apotheker und Krankenschwestern k\u00f6nnen hier in Zittau ihrer Arbeit nachgehen, w\u00e4hrend ihre Kinder in unserer Einrichtung betreut werden. So sichern wir doch auch nachhaltig den Gesundheitssektor ab.\u201c, so Frau Hartig, die den Bezug zum gesellschaftlichen Leben herstellt.<\/p>\r\n<p>&nbsp;<\/p>\r\n<p>Die 59 M\u00e4dchen und Jungen der Einrichtung werden ein Leben lang von diesem grenz\u00fcberschreitenden Ansatz profitieren.<\/p>\r\n<hr class=\"wp-block-separator has-text-color has-background has-vivid-red-background-color has-vivid-red-color is-style-wide\" \/>\r\n<p><img decoding=\"async\" class=\" wp-image-2396 aligncenter\" src=\"https:\/\/kiga-waldhaeusl.de\/wp-content\/uploads\/2024\/12\/KIGA-724x1024.jpg\" alt=\"\" width=\"565\" height=\"799\" srcset=\"https:\/\/kiga-waldhaeusl.de\/wp-content\/uploads\/2024\/12\/KIGA-724x1024.jpg 724w, https:\/\/kiga-waldhaeusl.de\/wp-content\/uploads\/2024\/12\/KIGA-212x300.jpg 212w, https:\/\/kiga-waldhaeusl.de\/wp-content\/uploads\/2024\/12\/KIGA-768x1086.jpg 768w, https:\/\/kiga-waldhaeusl.de\/wp-content\/uploads\/2024\/12\/KIGA-1086x1536.jpg 1086w, https:\/\/kiga-waldhaeusl.de\/wp-content\/uploads\/2024\/12\/KIGA.jpg 1414w\" sizes=\"(max-width: 565px) 100vw, 565px\" \/><\/p>\r\n<hr class=\"wp-block-separator has-text-color has-background has-vivid-red-background-color has-vivid-red-color is-style-wide\" \/>\r\n<p><img decoding=\"async\" class=\"aligncenter wp-image-2390\" src=\"https:\/\/kiga-waldhaeusl.de\/wp-content\/uploads\/2024\/10\/Hallo-Herbst-724x1024.jpg\" alt=\"\" width=\"400\" height=\"566\" srcset=\"https:\/\/kiga-waldhaeusl.de\/wp-content\/uploads\/2024\/10\/Hallo-Herbst-724x1024.jpg 724w, https:\/\/kiga-waldhaeusl.de\/wp-content\/uploads\/2024\/10\/Hallo-Herbst-212x300.jpg 212w, https:\/\/kiga-waldhaeusl.de\/wp-content\/uploads\/2024\/10\/Hallo-Herbst-768x1086.jpg 768w, https:\/\/kiga-waldhaeusl.de\/wp-content\/uploads\/2024\/10\/Hallo-Herbst-1086x1536.jpg 1086w, https:\/\/kiga-waldhaeusl.de\/wp-content\/uploads\/2024\/10\/Hallo-Herbst.jpg 1414w\" sizes=\"(max-width: 400px) 100vw, 400px\" \/><\/p>\r\n<hr class=\"wp-block-separator has-text-color has-background has-vivid-red-background-color has-vivid-red-color is-style-wide\" \/>\r\n<h4>\u00a0<\/h4>\r\n<h4 style=\"text-align: center;\"><strong>Was f\u00fcr ein toller Erfolg!<\/strong><\/h4>\r\n<p>Der Waldh\u00e4usl e.V. wurde mit dem renommierten Unternehmerpreis des Ostdeutschen Sparkassenverbandes ausgezeichnet! Vor Fachpublikum im Rahmen des 25. Unternehmer-Konvents, der in Potsdam aufgrund der Corona-Pandemie mit einem besonderen Hygienekonzept stattfand, konnten Gesch\u00e4ftsf\u00fchrerin Gisela Glathe und Projektleiterin Julia Glathe die Pr\u00e4mierung vom Pr\u00e4sidenten des OSV, Dr. Michael Ermrich, entgegen nehmen.<\/p>\r\n<p>Wir freuen uns riesig \u00fcber diese Auszeichnung zum \u201eVerein des Jahres\u201c 2021 im Freistaat Sachsen! Das ist eine wunderbare Anerkennung und Wertsch\u00e4tzung der Arbeit des gesamten Waldh\u00e4usl-Teams in einer herausfordernden Zeit!<\/p>\r\n<p>Nach dem Kita-Preis nun auch den Unternehmerpreis des Ostdeutschen Sparkassenverbandes zu erhalten, bedeutet uns sehr viel! Es ist das Ergebnis aller Akteure aus unserem Verein, die sich tagt\u00e4glich f\u00fcr fr\u00fchkindliche Bildung in Zittau und Oderwitz einsetzen und mit viel Engagement &#038; Herzblut weit \u00fcber den Landkreis hinaus wirken. Ein Dank gilt somit allen ErzieherInnen und MitarbeiterInnen im Integrativen Kindergarten Waldh\u00e4usl in Zittau\/ Eichgraben sowie unserem Team in der Lernwerkstatt Erfinderkiste in Oderwitz. Ihr leistet soviel! Der Preis ist ein gemeinsamer Erfolg, den wir auch so zu verstehen wissen.<\/p>\r\n<p>Freut Euch auf weitere Ideen und Umsetzungen, die wir bereits in Planung haben und von denen viele Kinder und Familien sowie \u00e4ltere B\u00fcrgerInnen profitieren werden.<\/p>\r\n<p>Euer Waldh\u00e4usl e.V.<\/p>\r\n<hr class=\"wp-block-separator has-text-color has-background has-vivid-red-background-color has-vivid-red-color is-style-wide\" \/>\r\n<h4 style=\"text-align: center;\"><strong>Herzlichen Gl\u00fcckwunsch zur Hochzeit!<\/strong><\/h4>\r\n<p style=\"text-align: center;\">Wir w\u00fcnschen unserer p\u00e4dagogischen Leitung,<br \/>Frau Romy Krtschil (ehemals Schwertner),<br \/>alles Liebe und Gute zu ihrer Hochzeit und<br \/>gratulieren hiermit im Namen des gesamten<br \/>Waldh\u00e4usl-Vorstands und -Teams auf das Herzlichste!<\/p>\r\n<p style=\"text-align: center;\"><img decoding=\"async\" class=\"alignnone size-full wp-image-2284\" src=\"https:\/\/kiga-waldhaeusl.de\/wp-content\/uploads\/2021\/10\/Bild1.jpg\" alt=\"\" width=\"446\" height=\"521\" srcset=\"https:\/\/kiga-waldhaeusl.de\/wp-content\/uploads\/2021\/10\/Bild1.jpg 446w, https:\/\/kiga-waldhaeusl.de\/wp-content\/uploads\/2021\/10\/Bild1-257x300.jpg 257w\" sizes=\"(max-width: 446px) 100vw, 446px\" \/><\/p>\r\n<p style=\"text-align: center;\">Zittau\/ Eichgraben im September 2021<\/p>\r\n<hr class=\"wp-block-separator has-text-color has-background has-vivid-red-background-color has-vivid-red-color is-style-wide\" \/>\r\n<h4 style=\"text-align: center;\"><strong>KUNST-Projekt:<\/strong> Begleitendes Malen f\u00fcr Kinder in der Erfinderkiste<\/h4>\r\n<p>In Zusammenarbeit mit dem Leineweber e.V. aus Oderwitz begeben wir uns jeden Donnerstag vormittag in die Welt der Farben. Start: 16.09. in der Erfinderkiste Oderwitz, Zeitdauer: 1,5 Std. => Interessierte Kinder nehmen bitte Kontakt zu Jacqui auf; Das Angebot ist aufgrund einer Projektf\u00f6rderung bis 31.12.2021 entgeltfrei. Nur die Fahrtkosten mit unserem hauseigenen Bus m\u00fcssen erhoben werden.<\/p>\r\n<hr class=\"wp-block-separator has-text-color has-background has-vivid-red-background-color has-vivid-red-color is-style-wide\" \/>\r\n<h4><strong>Tschechisch mit Jaro: <\/strong><\/h4>\r\n<p>Wir freuen uns, dass uns unsere liebe Jaro wieder an einem Vormittag in der Woche unterst\u00fctzen und mit den Kindern spielerisch tschechisch lernen wird. Den Fr\u00fchst\u00fcckstisch decken, spielen und singen und dabei die tschechische Sprache entdecken &#8211; all das wird in unserem Waldh\u00e4usl wieder m\u00f6glich sein.<\/p>\r\n<hr class=\"wp-block-separator has-text-color has-background has-vivid-red-background-color has-vivid-red-color is-style-wide\" \/>\r\n<h4><strong>\u201eDie Zukunft des gesunden Essens \u2013 Ern\u00e4hrung trifft 3-D-Druck\u201c &#8211; Ein d<\/strong><strong>igitales MitMachProjekt vom Waldh\u00e4usl:<\/strong><\/h4>\r\n<p><img decoding=\"async\" class=\" wp-image-2277 alignright\" src=\"https:\/\/kiga-waldhaeusl.de\/wp-content\/uploads\/2021\/09\/deutsche-stiftung.jpg\" alt=\"\" width=\"355\" height=\"131\" srcset=\"https:\/\/kiga-waldhaeusl.de\/wp-content\/uploads\/2021\/09\/deutsche-stiftung.jpg 518w, https:\/\/kiga-waldhaeusl.de\/wp-content\/uploads\/2021\/09\/deutsche-stiftung-300x111.jpg 300w\" sizes=\"(max-width: 355px) 100vw, 355px\" \/>In unserem digitalen Projekt vereinen wir die Themen der gesunden Ern\u00e4hrung und Digitalisierung. Durchf\u00fchrungsort ist die Erfinderkiste in Oderwitz. Interessierte Kinder &#038; Eltern melden sich dazu bitte gern bei uns. Ziel ist die Vermittlung der Themen Ern\u00e4hrung, Regionalit\u00e4t und Wertsch\u00e4tzung der Lebensmittel in Kombination mit 3-D-Druck. Hier werden wir von einem Spezialisten fachm\u00e4nnisch begleitet, der uns in die Welt des 3-D-Drucks einf\u00fchrt. Gleichzeitig st\u00e4rken wir\u00a0 Vernetzung und Gemeinschaft, denn auch interessierte Eltern sind dazu herzlich eingeladen. Termine geben wir zudem per Aushang bekannt.<\/p>\r\n<hr class=\"wp-block-separator has-text-color has-background has-vivid-red-background-color has-vivid-red-color is-style-wide\" \/>\r\n<h4><strong>\u201eRaus aus dem Alltag &#8211; rein in die Natur\u201c &#8211; Ein <\/strong><strong>Natur-Forscher-Projekt vom Waldh\u00e4usl:<\/strong><\/h4>\r\n<p><img decoding=\"async\" class=\" wp-image-2277 alignright\" src=\"https:\/\/kiga-waldhaeusl.de\/wp-content\/uploads\/2021\/09\/deutsche-stiftung.jpg\" alt=\"\" width=\"379\" height=\"140\" srcset=\"https:\/\/kiga-waldhaeusl.de\/wp-content\/uploads\/2021\/09\/deutsche-stiftung.jpg 518w, https:\/\/kiga-waldhaeusl.de\/wp-content\/uploads\/2021\/09\/deutsche-stiftung-300x111.jpg 300w\" sizes=\"(max-width: 379px) 100vw, 379px\" \/>In unserem Forscherprojekt \u201eRaus aus dem Alltag &#8211; rein in die Natur\u201c besch\u00e4ftigen wir uns zum Thema Natur, Umwelt, Bewegung und aktives Miteinander im Freien. Unser Verein Waldh\u00e4usl freut sich \u00fcber die Unterst\u00fctzung der Deutschen Stiftung f\u00fcr Engagement und Ehrenamt, die das Projekt erm\u00f6glichen. Wir gehen mit Natur- und Wildnisp\u00e4dagogen auf Spurensuche im Wald, f\u00fchlen und riechen die Bl\u00e4tter des herbstes, erfahren viel zu Wildkr\u00e4utern und Farben der Natur.<\/p>\r\n<hr class=\"wp-block-separator has-text-color has-background has-vivid-red-background-color has-vivid-red-color is-style-wide\" \/>\r\n<h4><strong>&#8220;Laufen, springen, toben &#8211; Kinder brauchen Bewegung&#8221; \u2013 Ein <\/strong><strong>SPORT-Projekt vom Waldh\u00e4usl: <\/strong><\/h4>\r\n<p><img decoding=\"async\" class=\"size-full wp-image-2275 alignright\" src=\"https:\/\/kiga-waldhaeusl.de\/wp-content\/uploads\/2021\/09\/freischwimmen.jpg\" alt=\"\" width=\"422\" height=\"101\" srcset=\"https:\/\/kiga-waldhaeusl.de\/wp-content\/uploads\/2021\/09\/freischwimmen.jpg 422w, https:\/\/kiga-waldhaeusl.de\/wp-content\/uploads\/2021\/09\/freischwimmen-300x72.jpg 300w\" sizes=\"(max-width: 422px) 100vw, 422px\" \/>Unser Waldh\u00e4usl Verein freut sich \u00fcber eine Projektf\u00f6rderung von freischwimmen 21. Mit unserer Aktion &#8220;Laufen, springen, toben &#8211; Kinder brauchen Bewegung&#8221; wollen wir Kindern wieder mehr Bewegung und Spiel anbieten. Daher sind alle Kinder herzlich eingeladen an diesem Projekt teilzunehmen. Das Projekt ist entgeltfrei. Start: 15.09. im Waldh\u00e4usl-Bewegungsraum, Zeitdauer: 1 Std. => Interessierte Kinder melden sich bitte bei uns im Waldh\u00e4usl. Das Angebot ist aufgrund einer Projektf\u00f6rderung bis 31.12.2021 entgeltfrei. <em>Mit freundlicher Unterst\u00fctzung von freischwimmen21<\/em><\/p>\r\n<hr class=\"wp-block-separator has-text-color has-background has-vivid-red-background-color has-vivid-red-color is-style-wide\" \/>\r\n<h4><strong>Kleine Architekten &#8211; Unsere Kita gestalten wir uns selbst<\/strong>:<\/h4>\r\n<p><img decoding=\"async\" class=\"size-full wp-image-2274 alignright\" src=\"https:\/\/kiga-waldhaeusl.de\/wp-content\/uploads\/2021\/09\/stiftung-bildung.png\" alt=\"\" width=\"324\" height=\"114\" srcset=\"https:\/\/kiga-waldhaeusl.de\/wp-content\/uploads\/2021\/09\/stiftung-bildung.png 324w, https:\/\/kiga-waldhaeusl.de\/wp-content\/uploads\/2021\/09\/stiftung-bildung-300x106.png 300w\" sizes=\"(max-width: 324px) 100vw, 324px\" \/>Unser Waldh\u00e4usl e.V. freut sich \u00fcber eine Projektf\u00f6rderung der Stiftung Bildung im Rahmen des Projektes \u201eChancengerechtigkeit\u201c. Unter dem Titel <strong>\u201eKleine Architekten &#8211; unsere Kita gestalten wir uns selbst!\u201c <\/strong>sind alle Kinder aus unserem Waldh\u00e4usl und Erzieherinnen aufgefordert, unser Waldh\u00e4usl-Kinderhaus sch\u00f6ner zu gestalten und W\u00fcnsche einzubringen. Dies haben wir bereits in der Hasengruppe in den Sommerferien mit frischer Farbe und neuen M\u00f6beln umgesetzt. Die finale Fertigstellung steht noch aus \u2013 entstanden sind jedoch schon jetzt neue, helle Gruppenzimmer.<\/p>\r\n<p>In den n\u00e4chsten Wochen sind auch Sie, liebe Eltern, gefragt mitzuwirken. Was w\u00fcnschen Sie sich noch? Was k\u00f6nnen die Kinder in unserer Einrichtung noch gut gebrauchen? Sagen Sie es uns gern\u2026<\/p>\r\n<p>&nbsp;<\/p>\r\n<hr class=\"wp-block-separator has-text-color has-background has-vivid-red-background-color has-vivid-red-color is-style-wide\" \/>\r\n<h4 class=\"paragraph\" style=\"vertical-align: baseline;\"><span class=\"normaltextrun\"><b>Wir sind Preistr\u00e4ger des Deutschen Kita-Preises 2021!<\/b><\/span><\/h4>\r\n<p class=\"paragraph\" style=\"margin-right: 53.25pt; vertical-align: baseline;\"><span class=\"normaltextrun\"><img decoding=\"async\" class=\"size-large wp-image-2240 alignleft\" src=\"https:\/\/kiga-waldhaeusl.de\/wp-content\/uploads\/2021\/07\/210622_DKP_SoMe_Kacheln_Preistraeger2021-1-1024x1024.png\" alt=\"\" width=\"1024\" height=\"1024\" srcset=\"https:\/\/kiga-waldhaeusl.de\/wp-content\/uploads\/2021\/07\/210622_DKP_SoMe_Kacheln_Preistraeger2021-1-1024x1024.png 1024w, https:\/\/kiga-waldhaeusl.de\/wp-content\/uploads\/2021\/07\/210622_DKP_SoMe_Kacheln_Preistraeger2021-1-300x300.png 300w, https:\/\/kiga-waldhaeusl.de\/wp-content\/uploads\/2021\/07\/210622_DKP_SoMe_Kacheln_Preistraeger2021-1-150x150.png 150w, https:\/\/kiga-waldhaeusl.de\/wp-content\/uploads\/2021\/07\/210622_DKP_SoMe_Kacheln_Preistraeger2021-1-768x768.png 768w, https:\/\/kiga-waldhaeusl.de\/wp-content\/uploads\/2021\/07\/210622_DKP_SoMe_Kacheln_Preistraeger2021-1.png 1080w\" sizes=\"(max-width: 1024px) 100vw, 1024px\" \/>Seit dem 9. Juni 2021 geh\u00f6ren wir zu den Preistr\u00e4gern des Deutschen Kita-Preises in der Kategorie <b>\u201eLokales B\u00fcndnis f\u00fcr fr\u00fche Bildung des Jahres\u201c<\/b>! In der digitalen Preisverleihung mit Bundesfamilienministerin Christine Lambrecht und der Schirmherrin der Deutschen Kinder- und Jugendstiftung Elke B\u00fcdenbender als Gastgeberinnen wurde unsere Initiative mit 10.000 Euro ausgezeichnet. Bald findet die <b>regionale Preis\u00fcbergabe<\/b> bei uns vor Ort statt! Was unser B\u00fcndnis so besonders macht und letztlich auch die Jury \u00fcberzeugt hat, uns mit dem Deutschen Kita-Preis auszuzeichnen, erfahren Sie in unserem <\/span><b><span style=\"font-family: 'Cambria','serif';\">Kurzfilm<\/span><\/b><span style=\"font-family: 'Cambria','serif';\">, den Sie sich <\/span><a href=\"https:\/\/www.youtube.com\/watch?v=EnvjuA3hAoc\"><span style=\"font-family: 'Cambria','serif';\">hier<\/span><\/a><span style=\"font-family: 'Cambria','serif';\"> anschauen k\u00f6nnen<span class=\"normaltextrun\">.<\/span><\/span><\/p>\r\n<p class=\"paragraph\" style=\"margin-right: 53.25pt; vertical-align: baseline;\"><span class=\"normaltextrun\">Der Deutsche Kita-Preis w\u00fcrdigt beispielhaftes Engagement von Kitas und lokalen B\u00fcndnissen f\u00fcr fr\u00fche Bildung. Auch in diesem Jahr wurden Einrichtungen ausgezeichnet, die kontinuierlich an der Qualit\u00e4t in der fr\u00fchen Bildung in ihrer direkten Umgebung arbeiten und dabei die Sichtweise der Kinder in den Mittelpunkt ihrer Bem\u00fchungen stellen. Zudem spielten Mitwirkungsm\u00f6glichkeiten von Kindern und Eltern sowie die Zusammenarbeit mit Partnern vor Ort bei der Auswahl der Preistr\u00e4ger eine wichtige Rolle. <\/span><\/p>\r\n<p class=\"AbsatztitelQvO\" style=\"line-height: normal; margin: 12.0pt 0cm 12.0pt 0cm;\"><span class=\"normaltextrun\">P.S. <\/span><span class=\"normaltextrun\"><span style=\"color: windowtext; font-weight: normal;\">Gerne m\u00f6chten wir auch andere B\u00fcndnisse ermutigen, sich um den Deutschen Kita-Preis zu bewerben! Wenn also auch Sie als B\u00fcndnis-Team Ihre tolle Arbeit einmal der breiten \u00d6ffentlichkeit zeigen und Ihre Chance auf 10.000 oder 25.000 Euro, den Titel \u201eLokales B\u00fcndnis f\u00fcr fr\u00fche Bildung des Jahres\u201c und viel wertvolles Feedback sichern m\u00f6chten \u2013 tun Sie es uns doch gleich und bewerben sich um den Deutschen Kita-Preis 2022! Bis zum 31.7. haben Sie noch Zeit, Ihre Bewerbung unter <\/span><\/span><a href=\"http:\/\/www.deutscher-kita-preis.de\/bewerbung\" target=\"_blank\" rel=\"noopener\"><span style=\"font-weight: normal;\">www.deutscher-kita-preis.de\/bewerbung<\/span><\/a><span class=\"normaltextrun\"><span style=\"color: windowtext; font-weight: normal;\"> einzureichen! <\/span><\/span><\/p>\r\n<p class=\"AbsatztitelQvO\"><span class=\"normaltextrun\"><span style=\"color: windowtext; font-weight: normal;\">Weitere Informationen unter <\/span><\/span><a href=\"http:\/\/www.deutscher-kita-preis.de\" target=\"_blank\" rel=\"noopener\"><span style=\"font-weight: normal;\">www.deutscher-kita-preis.de<\/span><\/a><span class=\"normaltextrun\"><span style=\"color: windowtext; font-weight: normal;\">.<\/span><\/span><\/p>\r\n<hr class=\"wp-block-separator has-text-color has-background has-vivid-red-background-color has-vivid-red-color is-style-wide\" \/>\r\n<h4><img decoding=\"async\" class=\"aligncenter wp-image-2233 size-full\" src=\"https:\/\/kiga-waldhaeusl.de\/wp-content\/uploads\/2021\/06\/kitapreis-1-scaled.jpg\" alt=\"\" width=\"2560\" height=\"1810\" srcset=\"https:\/\/kiga-waldhaeusl.de\/wp-content\/uploads\/2021\/06\/kitapreis-1-scaled.jpg 2560w, https:\/\/kiga-waldhaeusl.de\/wp-content\/uploads\/2021\/06\/kitapreis-1-300x212.jpg 300w, https:\/\/kiga-waldhaeusl.de\/wp-content\/uploads\/2021\/06\/kitapreis-1-1024x724.jpg 1024w, https:\/\/kiga-waldhaeusl.de\/wp-content\/uploads\/2021\/06\/kitapreis-1-768x543.jpg 768w, https:\/\/kiga-waldhaeusl.de\/wp-content\/uploads\/2021\/06\/kitapreis-1-1536x1086.jpg 1536w, https:\/\/kiga-waldhaeusl.de\/wp-content\/uploads\/2021\/06\/kitapreis-1-2048x1448.jpg 2048w\" sizes=\"(max-width: 2560px) 100vw, 2560px\" \/><\/h4>\r\n<hr class=\"wp-block-separator has-text-color has-background has-vivid-red-background-color has-vivid-red-color is-style-wide\" \/>\r\n<h4>Liebe Eltern,<\/h4>\r\n<p>der Inzidenzwert im Landkreis sinkt weiter unter 150. Dies erm\u00f6glicht unter bestimmten Voraussetzungen die \u00d6ffnung \u00a0unserer Einrichtung voraussichtlich ab Donnerstag, den 20.Mai 2021. Heute, am 17.05. lag der Inzidenzwert den 4.Tag in Folge unter 150. Ist dies auch morgen der Fall, so k\u00f6nnen wir ab Donnerstag wieder im eingeschr\u00e4nkten Regelbetrieb \u00f6ffnen.<\/p>\r\n<p>Bitte informieren Sie sich auch unter: <a href=\"http:\/\/coronavirus.landkreis.gr\" target=\"_blank\" rel=\"noopener\">http:\/\/coronavirus.landkreis.gr<\/a><\/p>\r\n<p>Wir freuen uns auf unsere Kinder und sehen einer \u00d6ffnung gespannt entgegen!<\/p>\r\n<p>Herzliche Gr\u00fc\u00dfe<\/p>\r\n<p>Team Waldh\u00e4usl<\/p>\r\n<hr class=\"wp-block-separator has-text-color has-background has-vivid-red-background-color has-vivid-red-color is-style-wide\" \/>\r\n<h4><strong>Waldh\u00e4usl -Kinder haben in der Erfinderkiste geforscht und Interviews gegeben<\/strong><\/h4>\r\n<p><strong>*** Erfinderkiste ist Finalisten-B\u00fcndnis des Deutschen Kita-Preises 2021 ***<\/strong><\/p>\r\n<p><img decoding=\"async\" class=\"size-full wp-image-2225 alignright\" src=\"https:\/\/kiga-waldhaeusl.de\/wp-content\/uploads\/2021\/05\/Kitapreis-Film.jpg\" alt=\"\" width=\"506\" height=\"381\" srcset=\"https:\/\/kiga-waldhaeusl.de\/wp-content\/uploads\/2021\/05\/Kitapreis-Film.jpg 506w, https:\/\/kiga-waldhaeusl.de\/wp-content\/uploads\/2021\/05\/Kitapreis-Film-300x226.jpg 300w\" sizes=\"(max-width: 506px) 100vw, 506px\" \/>Geschafft! Kita-Preis-Final-aufgaben erfolgreich bearbeitet!<\/p>\r\n<p>Die Anspannung l\u00f6st sich&#8230; Wir haben Online-Interviews gegeben, Online-Workshops ausgestaltet, spannende Aufgaben gel\u00f6st und Anfang Mai ein Filmteam aus Berlin begr\u00fc\u00dft, welches uns bei unserer Arbeit begleitet hat&#8230; Nun hoffen wir, dass wir \u00fcberzeugen konnten und w\u00fcnschen uns f\u00fcr unsere Arbeit und f\u00fcr unsere Kinder einen positiven Ausgang!<\/p>\r\n<p><strong>Ein gro\u00dfes Dankesch\u00f6n gilt auch unseren Kindern aus dem Waldh\u00e4usl<\/strong>, die an diesem Tag (18.05.2021) dem Filmteam Rede und Antwort standen und sich bei ihrer Arbeit \u00fcber die Schulter schauen lassen haben: beim Experimentieren und Werkeln und ihrem allt\u00e4glichen Tun in der Lernwerkstatt. Ihr ward gro\u00dfe Klasse!<\/p>\r\n<p><strong>Nun hei\u00dft es Daumen dr\u00fccken!<\/strong> Die Entscheidung folgt im Juni.\u00a0Bei dieser feierlichen Preisverleihung des Deutschen Kita Preises 2021 am 09.Juni ab 18:00 Uhr k\u00f6nnen Sie per Livestream dabei sein: <a href=\"http:\/\/www.deutscher-kita-preis.de\"><strong>www.deutscher-kita-preis.de<\/strong><\/a><\/p>\r\n<p>In dieser Live-Show wird Barbara Sch\u00f6neberger durch das spannende Programm voller \u00dcberraschungen und prominenter G\u00e4ste f\u00fchren. Seien Sie also dabei, wenn am 9. Juni 2021 die Preistr\u00e4ger in den beiden Kategorien \u201eKita des Jahres\u201c und \u201eLokales B\u00fcndnis f\u00fcr fr\u00fche Bildung des Jahres\u201c digital verk\u00fcndet werden und dr\u00fccken Sie uns bitte ganz fest die Daumen f\u00fcr die Lernwerkstatt Erfinderkiste in Oderwitz.<\/p>\r\n<p><strong>Ihr Waldh\u00e4usl Team und die Erfinderkiste Oderwitz<\/strong><\/p>\r\n<hr class=\"wp-block-separator has-text-color has-background has-vivid-red-background-color has-vivid-red-color is-style-wide\" \/>\r\n<h4>Liebe Eltern,<\/h4>\r\n<p>ab einer 7-Tage-Inzidenz von \u00fcber 165 auf 100.000 Einwohner an drei aufeinanderfolgenden Tagen m\u00fcssen Kindertageseinrichtungen ab dem \u00fcbern\u00e4chsten Tag geschlossen werden und d\u00fcrfen nur noch Notbetreuung anbieten.<br \/>Da dies in unserem Landkreis der Fall ist, wird die Einrichtung ab Montag, den 26.04.2021 wieder in die Notbetreuung wechseln.<\/p>\r\n<p>F\u00fcr Kinder bestimmter Personen- und Berufsgruppen wird Notbetreuung eingerichtet. Informationen zu den entsprechenden Fallgruppen mit Anspruch auf Notbetreuung sind unter folgendem Link zu finden. Die bisherigen Formulare der Arbeitgeberbescheinigung behalten ihre G\u00fcltigkeit. <a href=\"https:\/\/www.coronavirus.sachsen.de\/eltern-lehrkraefte-erzieher-schueler-4144.html?_cp=%7B%22accordion-content-9903%22%3A%7B%220%22%3Atrue%7D%2C%22previousOpen%22%3A%7B%22group%22%3A%22accordion-content-9903%22%2C%22idx%22%3A0%7D%7D\" target=\"_blank\" rel=\"noopener\">https:\/\/www.coronavirus.sachsen.de\/eltern-lehrkraefte-erzieher-schueler[1]4144.html?_cp=%7B%22accordion-content[1]9903%22%3A%7B%220%22%3Atrue%7D%2C%22previousOpen%22%3A%7B%22 group%22%3A%22accordion-content-9903%22%2C%22idx%22%3A0%7D%7D<\/a><\/p>\r\n<p>Wird der Inzidenzwert von 165 an f\u00fcnf aufeinanderfolgenden Tagen unterschritten, treten die Regelungen ab dem \u00fcbern\u00e4chsten Tag au\u00dfer Kraft.<\/p>\r\n<p>Weitere Infos unter: <a href=\"https:\/\/www.coronavirus.sachsen.de\/\" target=\"_blank\" rel=\"noopener\">https:\/\/www.coronavirus.sachsen.de\/<\/a><\/p>\r\n<p>Bitte bleiben Sie gesund!<\/p>\r\n<p>Ihr Vorstand und Team Waldh\u00e4usl<\/p>\r\n<hr class=\"wp-block-separator has-text-color has-background has-vivid-red-background-color has-vivid-red-color is-style-wide\" \/>\r\n<p>&nbsp;<\/p>\r\n\r\n<h2 class=\"wp-block-heading\" style=\"text-align: center;\"><strong>Liebe Eltern &#038; Erziehungsberechtigten,<br \/><\/strong><\/h2>\r\n<p style=\"text-align: center;\">die neue S\u00e4chsCoronaSchVO endet am 1. April 2021.<br \/><span style=\"color: #ff0000;\"><strong>Ab 06. April 2021 ist wieder eine Kinderbetreuung im eingeschr\u00e4nkten Regelbetrieb anzubieten.<\/strong><\/span><\/p>\r\n<p style=\"text-align: center;\">Die S\u00e4chsische-Corona-Schutz-Verordnung vom 29. M\u00e4rz 2021 ist f\u00fcr Sie unter dem nachfolgenden <u>Link<\/u> abrufbar. Wir bitten im Besonderen um Beachtung des \u00a7 5a Betriebseinschr\u00e4nkungen f\u00fcr Einrichtungen der Kindertagesbetreuung und Schulen.<\/p>\r\n<p style=\"text-align: center;\"><a href=\"https:\/\/www.coronavirus.sachsen.de\/download\/SMS-Saechsische-Corona-Schutz-Verordnung-2021-03-30-gueltig-ab-2021-04-01.pdf\" target=\"_blank\" rel=\"noopener\">https:\/\/www.coronavirus.sachsen.de\/download\/SMS-Saechsische-Corona-Schutz-Verordnung-2021-03-30-gueltig-ab-2021-04-01.pdf<\/a><\/p>\r\n<p style=\"text-align: center;\">Bitte haben Sie Verst\u00e4ndnis daf\u00fcr, dass ab sofort nur noch getestete Personen die Einrichtung betreten d\u00fcrfen.<br \/>Bringe- und Abholsituationen gestalten wir weiterhin \u00fcber unsere bew\u00e4hrte \u201eSchleuse\u201c.<br \/>Im Au\u00dfengel\u00e4nde unserer Einrichtung m\u00fcssen Sie keinen Test vorweisen.<\/p>\r\n<p style=\"text-align: center;\">Denken Sie aber bitte weiterhin an die Mund-Nasen-Bedeckung. Vielen Dank!<\/p>\r\n<p style=\"text-align: center;\">Wir w\u00fcnschen Ihnen ein sch\u00f6nes Osterfest!<\/p>\r\n<p style=\"text-align: center;\">Viele Gr\u00fc\u00dfe vom Waldh\u00e4usl-Team &#038; Vorstand<\/p>\r\n<p>&nbsp;<\/p>\r\n<p>&nbsp;<\/p>\r\n<hr class=\"wp-block-separator has-text-color has-background has-vivid-red-background-color has-vivid-red-color is-style-wide\" \/>\r\n<p>&nbsp;<\/p>\r\n<h2>Liebe Eltern,<\/h2>\r\n<p>\r\n\r\nam Montag, den 15.02.2021 gehen wir wieder in den eingeschr\u00e4nkten Regelbetrieb \u00fcber.<br \/>Rechtliche Grundlage ist die neue Corona-Schutz-Verordnung vom 12.02.2021.<br \/>Wir bitten folgendes zu beachten:<\/p>\r\n<p class=\"wp-block-paragraph\">\r\n\r\n<strong>Eingeschr\u00e4nkter Regelbetrieb<\/strong> Der Alltag in den Kindertageseinrichtungen folgt im eingeschr\u00e4nkten Regelbetrieb dem Grundsatz der strikten Trennung von verschiedenen festen Betreuungseinheiten und ihrer Betreuungspersonen sowie der konsequenten Vermeidung des Zusammentreffens der Kinder und des Personals unterschiedlicher Betreuungseinheiten in den Geb\u00e4uden und auf den Freifl\u00e4chen der Kindertageseinrichtungen.<\/p>\r\n<p class=\"wp-block-paragraph\">\r\n\r\n<strong>Medizinischer Mund-Nasen-Schutz (MNS)<\/strong> Bei Aufenthalt in der Kindertageseinrichtung bzw. Kindertagespflegestelle und auf dem Au\u00dfengel\u00e4nde ist grunds\u00e4tzlich von allen einrichtungsfremden Personen, einschlie\u00dflich der Eltern, ein medizinischer Mund-Nasen-Schutz zu tragen (sog. \u201eOP-Masken\u201c).<\/p>\r\n<p class=\"wp-block-paragraph\">\r\n\r\n<strong>Gesundheitszustand<\/strong> Eine t\u00e4gliche Gesundheitsbest\u00e4tigung wird nun nicht mehr verlangt. Es ist davon auszugehen, dass sowohl bei den Eltern als auch bei den betreuenden Personen eine ausreichende Sensibilit\u00e4t f\u00fcr die besondere Situation in der Corona-Pandemie aufgebaut ist.<\/p>\r\n<p class=\"wp-block-paragraph\">\r\n\r\nZus\u00e4tzlich dazu k\u00f6nnen Sie sich gern auch hier jederzeit und aktuell informieren:\u00a0 <a href=\"https:\/\/www.coronavirus.sachsen.de\/eltern-lehrkraefte-erzieher-schueler-4144.html\">https:\/\/www.coronavirus.sachsen.de\/eltern-lehrkraefte-erzieher-schueler-4144.html<\/a><br \/><a href=\"https:\/\/www.kita-bildungsserver.de\/\">https:\/\/www.kita-bildungsserver.de\/<\/a><br \/><a href=\"https:\/\/www.medienservice.sachsen.de\/medien\/news\/247126\">https:\/\/www.medienservice.sachsen.de\/medien\/news\/247126<\/a><\/p>\r\n<p class=\"wp-block-paragraph\">\r\n\r\nWir freuen uns auf Sie und Ihre Kinder und w\u00fcnschen uns allen einen guten Start.<\/p>\r\n<p class=\"wp-block-paragraph\">\r\n\r\nMit freundlichen Gr\u00fc\u00dfen und besten W\u00fcnschen f\u00fcr ein angenehmes Wochenende!<\/p>\r\n<p class=\"wp-block-paragraph\">\r\n\r\nKita Waldh\u00e4usl &#038; Team<\/p>\r\n<p class=\"wp-block-paragraph\">\u00a0<\/p>\r\n<hr class=\"wp-block-separator has-text-color has-background has-vivid-red-background-color has-vivid-red-color is-style-wide\" \/>\r\n<p>\u00a0<\/p>\r\n\r\n<h2 class=\"wp-block-heading\"><strong>Unsere Erfinderkiste ist Finalist des Deutschen Kita-Preises 2021<\/strong><\/h2>\r\n<p>\u00a0<\/p>\r\n\r\n<div class=\"wp-block-image\">\r\n<figure class=\"aligncenter size-large\"><img decoding=\"async\" width=\"585\" height=\"585\" class=\"wp-image-2132\" src=\"https:\/\/kiga-waldhaeusl.de\/wp-content\/uploads\/2021\/01\/KitaPreis.png\" alt=\"\" srcset=\"https:\/\/kiga-waldhaeusl.de\/wp-content\/uploads\/2021\/01\/KitaPreis.png 585w, https:\/\/kiga-waldhaeusl.de\/wp-content\/uploads\/2021\/01\/KitaPreis-300x300.png 300w, https:\/\/kiga-waldhaeusl.de\/wp-content\/uploads\/2021\/01\/KitaPreis-150x150.png 150w\" sizes=\"(max-width: 585px) 100vw, 585px\" \/><\/figure>\r\n<\/div>\r\n<p>\r\n\r\nUnser lokales B\u00fcndnis f\u00fcr fr\u00fche Bildung \u201cErfinderkiste\u201d in Oderwitz geh\u00f6rt zu den Finalisten des Deutschen Kita-Preises. Damit nehmen wir im Fr\u00fchjahr 2021 an der Preisverleihung teil! Die erstplatzierte Initiative erh\u00e4lt ein Preisgeld von 25.000 Euro. Die vier Zweitplatzierten d\u00fcrfen sich \u00fcber je 10.000 Euro freuen.<\/p>\r\n<p class=\"wp-block-paragraph\">\r\n\r\nUm zu den Preistr\u00e4gern zu geh\u00f6ren, m\u00fcssen wir nur noch in der letzten Auswahlrunde \u00fcberzeugen: Ein Team aus Expertinnen und Experten wird unser B\u00fcndnis zwischen Januar und M\u00e4rz 2021digital besuchen. In Interviews, gemeinsamen Workshops und virtuellen Erkundungen werden wir unser B\u00fcndnis noch mal von seiner besten Seite pr\u00e4sentieren. Ob wir zu den Preistr\u00e4gern geh\u00f6ren, erfahren wir bei der Preisverleihung im Fr\u00fchjahr 2021.Dr\u00fcckt uns die Daumen!<\/p>\r\n<p class=\"wp-block-paragraph\">\r\n\r\nDer Deutsche Kita-Preis wurde 2018 erstmals vergeben. Die Auszeichnung ist eine gemeinsame Initiative des Bundesministeriums f\u00fcr Familie, Senioren, Frauen und Jugend und der Deutschen Kinder- und Jugendstiftung in Partnerschaft mit der Heinz und Heide D\u00fcrr Stiftung, dem ELTERN-Magazin und dem Didacta-Verband.<\/p>\r\n<p class=\"wp-block-paragraph\">\r\n\r\nAlle Informationen zum Deutschen Kita-Preis, zu den Bewerbungsmodalit\u00e4ten und zur Auswahl der Preistr\u00e4ger finden Interessierte unter\u00a0<a href=\"http:\/\/www.deutscher-kita-preis.de\/\" target=\"_blank\" rel=\"noreferrer noopener\">www.deutscher-kita-preis.de<\/a>. Wer auf dem Laufenden bleiben m\u00f6chte, abonniert den Newsletter unter\u00a0<a href=\"http:\/\/www.deutscher-kita-preis.de\/newsletter\" target=\"_blank\" rel=\"noreferrer noopener\">www.deutscher-kita-preis.de\/newsletter<\/a>.<\/p>\r\n<p class=\"wp-block-paragraph\">[\/vc_column_text][\/vc_column][\/vc_row]<\/p>","protected":false},"excerpt":{"rendered":"<p>[vc_row][vc_column][vc_column_text] Kleine Architekten Wir sind ein Haus in dem Kinder forschen. 10. Auszeichnung f\u00fcr 20 Jahre Forschen Tag der offenen T\u00fcr Eltern-Kind-Gruppe Einladung zum Laternenumzug Garten der Begegnung Mit unserem &#8220;Garten der Begegnung&#8221; schaffen wir einen Begegnungsort f\u00fcr Menschen und lehren den verantwortlichen Umgang mit der Umwelt. Bei uns entsteht ein neuer Treffpunkt im Ort, [&hellip;]<\/p>\n","protected":false},"author":1,"featured_media":0,"parent":0,"menu_order":0,"comment_status":"closed","ping_status":"closed","template":"","meta":{"footnotes":""},"class_list":["post-2191","page","type-page","status-publish","hentry"],"_links":{"self":[{"href":"https:\/\/kiga-waldhaeusl.de\/cz\/wp-json\/wp\/v2\/pages\/2191","targetHints":{"allow":["GET"]}}],"collection":[{"href":"https:\/\/kiga-waldhaeusl.de\/cz\/wp-json\/wp\/v2\/pages"}],"about":[{"href":"https:\/\/kiga-waldhaeusl.de\/cz\/wp-json\/wp\/v2\/types\/page"}],"author":[{"embeddable":true,"href":"https:\/\/kiga-waldhaeusl.de\/cz\/wp-json\/wp\/v2\/users\/1"}],"replies":[{"embeddable":true,"href":"https:\/\/kiga-waldhaeusl.de\/cz\/wp-json\/wp\/v2\/comments?post=2191"}],"version-history":[{"count":49,"href":"https:\/\/kiga-waldhaeusl.de\/cz\/wp-json\/wp\/v2\/pages\/2191\/revisions"}],"predecessor-version":[{"id":2527,"href":"https:\/\/kiga-waldhaeusl.de\/cz\/wp-json\/wp\/v2\/pages\/2191\/revisions\/2527"}],"wp:attachment":[{"href":"https:\/\/kiga-waldhaeusl.de\/cz\/wp-json\/wp\/v2\/media?parent=2191"}],"curies":[{"name":"wp","href":"https:\/\/api.w.org\/{rel}","templated":true}]}}